{"articles":[{"classes":["outercol"],"isFavourite":false,"isExternalUrl":{"articleLink":true},"articleListButtonsData":{"buttonsList":[{"label":"Les mer","url":"https:\/\/boiballangen.no","type":"readmore"}],"mode":"default"},"favouriteType":null,"mnu":null,"section":null,"displayId":true,"docId":179,"identifier":"179Article","docType":"Article","customDate":false,"teaserData":{"teaserText":"","mode":"default"},"content":{"teaser":"","intro":"Velkommen til Ballangen! Ta en tur innom i fotogalleri, aktivitetskalender, kultur, turlag, lag og foreninger...."},"titles":{"main":"Bo i Ballangen","readMoreButton":"Les mer"},"urls":{"readMore":"https:\/\/boiballangen.no","booking":null},"created":{"date":"22.02.2019","time":"14:46","timestamp":1550843160},"introAllowHtml":false,"hasTicket":false,"extra":null,"hasReadMore":true,"media":{"imageData":{"path":"\/sites\/n\/narvikregionen.no\/files\/1475794_692277487458379_1607722085_n.jpg","width":960,"height":540,"aspectRatio":1.7777777777777777},"previewImageUrl":"\/sites\/n\/narvikregionen.no\/files\/1475794_692277487458379_1607722085_n.jpg?cropToFit=100x59&quality=50","imageVariants":[{"path":"\/sites\/n\/narvikregionen.no\/files\/1475794_692277487458379_1607722085_n.jpg?cropToFit=100x59&quality=75","width":100,"height":59,"aspectRatio":1.694915254237288},{"path":"\/sites\/n\/narvikregionen.no\/files\/1475794_692277487458379_1607722085_n.jpg?cropToFit=200x118&quality=75","width":200,"height":118,"aspectRatio":1.694915254237288},{"path":"\/sites\/n\/narvikregionen.no\/files\/1475794_692277487458379_1607722085_n.jpg?cropToFit=400x235&quality=75","width":400,"height":235,"aspectRatio":1.702127659574468},{"path":"\/sites\/n\/narvikregionen.no\/files\/1475794_692277487458379_1607722085_n.jpg?cropToFit=600x353&quality=75","width":600,"height":353,"aspectRatio":1.6997167138810199},{"path":"\/sites\/n\/narvikregionen.no\/files\/1475794_692277487458379_1607722085_n.jpg?cropToFit=800x471&quality=75","width":800,"height":471,"aspectRatio":1.6985138004246285},{"path":"\/sites\/n\/narvikregionen.no\/files\/1475794_692277487458379_1607722085_n.jpg?cropToFit=1000x588&quality=75","width":918,"height":540,"aspectRatio":1.7},{"path":"\/sites\/n\/narvikregionen.no\/files\/1475794_692277487458379_1607722085_n.jpg?cropToFit=1200x706&quality=75","width":918,"height":540,"aspectRatio":1.7}],"image":"\/sites\/n\/narvikregionen.no\/files\/1475794_692277487458379_1607722085_n.jpg","aspect":1.694915254237288,"type":"image","description":null},"additionalData":[]},{"classes":["outercol"],"isFavourite":false,"isExternalUrl":{"articleLink":true},"articleListButtonsData":{"buttonsList":[{"label":"Les mer","url":"https:\/\/boibjerkvik.no\/?id=993628128","type":"readmore"}],"mode":"default"},"favouriteType":null,"mnu":null,"section":null,"displayId":true,"docId":190,"identifier":"190Article","docType":"Article","customDate":false,"teaserData":{"teaserText":"","mode":"default"},"content":{"teaser":"","intro":"En egen Bjerkvikstrategi skal bidra til flere innbyggere og arbeidsplasser i Bjerkvik. \u2013 Vi har en m\u00e5lsetting om 150 nye bosatte i Bjerkvik innen 2025."},"titles":{"main":"Bo i Bjerkvik","readMoreButton":"Les mer"},"urls":{"readMore":"https:\/\/boibjerkvik.no\/?id=993628128","booking":null},"created":{"date":"28.05.2019","time":"11:46","timestamp":1559036760},"introAllowHtml":false,"hasTicket":false,"extra":null,"hasReadMore":true,"media":{"imageData":{"path":"\/sites\/n\/narvikregionen.no\/files\/nrnf0972copyrightrobinlundbjerkvikluftfoto.jpg","width":2500,"height":1667,"aspectRatio":1.4997000599880024},"previewImageUrl":"\/sites\/n\/narvikregionen.no\/files\/nrnf0972copyrightrobinlundbjerkvikluftfoto.jpg?cropToFit=100x59&quality=50","imageVariants":[{"path":"\/sites\/n\/narvikregionen.no\/files\/nrnf0972copyrightrobinlundbjerkvikluftfoto.jpg?cropToFit=100x59&quality=75","width":100,"height":59,"aspectRatio":1.694915254237288},{"path":"\/sites\/n\/narvikregionen.no\/files\/nrnf0972copyrightrobinlundbjerkvikluftfoto.jpg?cropToFit=200x118&quality=75","width":200,"height":118,"aspectRatio":1.694915254237288},{"path":"\/sites\/n\/narvikregionen.no\/files\/nrnf0972copyrightrobinlundbjerkvikluftfoto.jpg?cropToFit=400x235&quality=75","width":400,"height":235,"aspectRatio":1.702127659574468},{"path":"\/sites\/n\/narvikregionen.no\/files\/nrnf0972copyrightrobinlundbjerkvikluftfoto.jpg?cropToFit=600x353&quality=75","width":600,"height":353,"aspectRatio":1.6997167138810199},{"path":"\/sites\/n\/narvikregionen.no\/files\/nrnf0972copyrightrobinlundbjerkvikluftfoto.jpg?cropToFit=800x471&quality=75","width":800,"height":471,"aspectRatio":1.6985138004246285},{"path":"\/sites\/n\/narvikregionen.no\/files\/nrnf0972copyrightrobinlundbjerkvikluftfoto.jpg?cropToFit=1000x588&quality=75","width":1000,"height":588,"aspectRatio":1.7006802721088434},{"path":"\/sites\/n\/narvikregionen.no\/files\/nrnf0972copyrightrobinlundbjerkvikluftfoto.jpg?cropToFit=1200x706&quality=75","width":1200,"height":706,"aspectRatio":1.6997167138810199}],"image":"\/sites\/n\/narvikregionen.no\/files\/nrnf0972copyrightrobinlundbjerkvikluftfoto.jpg","aspect":1.694915254237288,"type":"image","description":null},"additionalData":[]},{"classes":["outercol"],"isFavourite":false,"isExternalUrl":{"articleLink":true},"articleListButtonsData":{"buttonsList":[{"label":"Les mer","url":"https:\/\/boigratangen.no","type":"readmore"}],"mode":"default"},"favouriteType":null,"mnu":null,"section":null,"displayId":true,"docId":178,"identifier":"178Article","docType":"Article","customDate":false,"teaserData":{"teaserText":"","mode":"default"},"content":{"teaser":"","intro":"Kystkulturkommunen Gratangen har gode oppvekst- og utviklingsmuligheter med n\u00e6rhet til offentlige servicetilbud, et driftig n\u00e6ringsliv og et rikt kulturliv."},"titles":{"main":"Bo i Gratangen","readMoreButton":"Les mer"},"urls":{"readMore":"https:\/\/boigratangen.no","booking":null},"created":{"date":"22.02.2019","time":"14:45","timestamp":1550843100},"introAllowHtml":false,"hasTicket":false,"extra":null,"hasReadMore":true,"media":{"imageData":{"path":"\/sites\/n\/narvikregionen.no\/files\/102.jpg","width":2500,"height":1560,"aspectRatio":1.6025641025641026},"previewImageUrl":"\/sites\/n\/narvikregionen.no\/files\/102.jpg?cropToFit=100x59&quality=50","imageVariants":[{"path":"\/sites\/n\/narvikregionen.no\/files\/102.jpg?cropToFit=100x59&quality=75","width":100,"height":59,"aspectRatio":1.694915254237288},{"path":"\/sites\/n\/narvikregionen.no\/files\/102.jpg?cropToFit=200x118&quality=75","width":200,"height":118,"aspectRatio":1.694915254237288},{"path":"\/sites\/n\/narvikregionen.no\/files\/102.jpg?cropToFit=400x235&quality=75","width":400,"height":235,"aspectRatio":1.702127659574468},{"path":"\/sites\/n\/narvikregionen.no\/files\/102.jpg?cropToFit=600x353&quality=75","width":600,"height":353,"aspectRatio":1.6997167138810199},{"path":"\/sites\/n\/narvikregionen.no\/files\/102.jpg?cropToFit=800x471&quality=75","width":800,"height":471,"aspectRatio":1.6985138004246285},{"path":"\/sites\/n\/narvikregionen.no\/files\/102.jpg?cropToFit=1000x588&quality=75","width":1000,"height":588,"aspectRatio":1.7006802721088434},{"path":"\/sites\/n\/narvikregionen.no\/files\/102.jpg?cropToFit=1200x706&quality=75","width":1200,"height":706,"aspectRatio":1.6997167138810199}],"image":"\/sites\/n\/narvikregionen.no\/files\/102.jpg","aspect":1.694915254237288,"type":"image","description":null},"additionalData":[]},{"classes":["outercol"],"isFavourite":false,"isExternalUrl":{"articleLink":true},"articleListButtonsData":{"buttonsList":[{"label":"Les mer","url":"https:\/\/www.narvik.kommune.no\/innbygger\/tjenester\/kultur-idrett-og-fritid\/","type":"readmore"}],"mode":"default"},"favouriteType":null,"mnu":null,"section":null,"displayId":true,"docId":255,"identifier":"255Article","docType":"Article","customDate":false,"teaserData":{"teaserText":"","mode":"default"},"content":{"teaser":"","intro":"Narvik kommunes sider med informasjon om tilbud og aktiviteter innen kultur, fritid og idrett."},"titles":{"main":"Samfunn, kultur, fritid og idrett","readMoreButton":"Les mer"},"urls":{"readMore":"https:\/\/www.narvik.kommune.no\/innbygger\/tjenester\/kultur-idrett-og-fritid\/","booking":null},"created":{"date":"03.09.2021","time":"08:33","timestamp":1630650780},"introAllowHtml":false,"hasTicket":false,"extra":null,"hasReadMore":true,"media":{"imageData":{"path":"\/sites\/n\/narvikregionen.no\/files\/009891_runedahl_visitnarvik.com_1.png","width":1000,"height":750,"aspectRatio":1.3333333333333333},"previewImageUrl":"\/sites\/n\/narvikregionen.no\/files\/009891_runedahl_visitnarvik.com_1.png?cropToFit=100x59&quality=50","imageVariants":[{"path":"\/sites\/n\/narvikregionen.no\/files\/009891_runedahl_visitnarvik.com_1.png?cropToFit=100x59&quality=75","width":100,"height":59,"aspectRatio":1.694915254237288},{"path":"\/sites\/n\/narvikregionen.no\/files\/009891_runedahl_visitnarvik.com_1.png?cropToFit=200x118&quality=75","width":200,"height":118,"aspectRatio":1.694915254237288},{"path":"\/sites\/n\/narvikregionen.no\/files\/009891_runedahl_visitnarvik.com_1.png?cropToFit=400x235&quality=75","width":400,"height":235,"aspectRatio":1.702127659574468},{"path":"\/sites\/n\/narvikregionen.no\/files\/009891_runedahl_visitnarvik.com_1.png?cropToFit=600x353&quality=75","width":600,"height":353,"aspectRatio":1.6997167138810199},{"path":"\/sites\/n\/narvikregionen.no\/files\/009891_runedahl_visitnarvik.com_1.png?cropToFit=800x471&quality=75","width":800,"height":471,"aspectRatio":1.6985138004246285},{"path":"\/sites\/n\/narvikregionen.no\/files\/009891_runedahl_visitnarvik.com_1.png?cropToFit=1000x588&quality=75","width":1000,"height":588,"aspectRatio":1.7006802721088434},{"path":"\/sites\/n\/narvikregionen.no\/files\/009891_runedahl_visitnarvik.com_1.png?cropToFit=1200x706&quality=75","width":1000,"height":588,"aspectRatio":1.7006802721088434}],"image":"\/sites\/n\/narvikregionen.no\/files\/009891_runedahl_visitnarvik.com_1.png","aspect":1.694915254237288,"type":"image","description":null},"additionalData":[]},{"classes":["outercol"],"isFavourite":false,"isExternalUrl":{"articleLink":true},"articleListButtonsData":{"buttonsList":[{"label":"narviklag.no","url":"https:\/\/narviklag.no","type":"readmore"}],"mode":"default"},"favouriteType":null,"mnu":null,"section":null,"displayId":true,"docId":6,"identifier":"6Article","docType":"Article","customDate":false,"teaserData":{"teaserText":"Lag og foreninger","mode":"default"},"content":{"teaser":"Lag og foreninger","intro":"Her finner du lag og foreningsportal for hele regionen. Alt fra idrettslag til kunst og kultur. Ta turen innom!"},"titles":{"main":"Lag og foreninger i Narvikregionen","readMoreButton":"narviklag.no"},"urls":{"readMore":"https:\/\/narviklag.no","booking":null},"created":{"date":"31.10.2016","time":"11:37","timestamp":1477910220},"introAllowHtml":false,"hasTicket":false,"extra":null,"hasReadMore":true,"media":{"imageData":{"path":"\/sites\/n\/narvikregionen.no\/files\/istock609924218.jpg","width":2500,"height":1640,"aspectRatio":1.524390243902439},"previewImageUrl":"\/sites\/n\/narvikregionen.no\/files\/istock609924218.jpg?cropToFit=100x59&quality=50","imageVariants":[{"path":"\/sites\/n\/narvikregionen.no\/files\/istock609924218.jpg?cropToFit=100x59&quality=75","width":100,"height":59,"aspectRatio":1.694915254237288},{"path":"\/sites\/n\/narvikregionen.no\/files\/istock609924218.jpg?cropToFit=200x118&quality=75","width":200,"height":118,"aspectRatio":1.694915254237288},{"path":"\/sites\/n\/narvikregionen.no\/files\/istock609924218.jpg?cropToFit=400x235&quality=75","width":400,"height":235,"aspectRatio":1.702127659574468},{"path":"\/sites\/n\/narvikregionen.no\/files\/istock609924218.jpg?cropToFit=600x353&quality=75","width":600,"height":353,"aspectRatio":1.6997167138810199},{"path":"\/sites\/n\/narvikregionen.no\/files\/istock609924218.jpg?cropToFit=800x471&quality=75","width":800,"height":471,"aspectRatio":1.6985138004246285},{"path":"\/sites\/n\/narvikregionen.no\/files\/istock609924218.jpg?cropToFit=1000x588&quality=75","width":1000,"height":588,"aspectRatio":1.7006802721088434},{"path":"\/sites\/n\/narvikregionen.no\/files\/istock609924218.jpg?cropToFit=1200x706&quality=75","width":1200,"height":706,"aspectRatio":1.6997167138810199}],"image":"\/sites\/n\/narvikregionen.no\/files\/istock609924218.jpg","aspect":1.694915254237288,"type":"image","description":null},"additionalData":[]},{"classes":["outercol"],"isFavourite":false,"isExternalUrl":{"articleLink":true},"articleListButtonsData":{"buttonsList":[{"label":"Les mer","url":"https:\/\/narviksentrum.no\/Forside","type":"readmore"}],"mode":"default"},"favouriteType":null,"mnu":null,"section":null,"displayId":true,"docId":325,"identifier":"325Article","docType":"Article","customDate":false,"teaserData":{"teaserText":"Narvik sentrum","mode":"default"},"content":{"teaser":"Narvik sentrum","intro":"Narvik sentrum har et bredt utvalg av butikker og utsalgssteder. Her finner du alt fra sm\u00e5 nisjebutikker til store kjedebutikker."},"titles":{"main":"Narvik Sentrum","readMoreButton":"Les mer"},"urls":{"readMore":"https:\/\/narviksentrum.no\/Forside","booking":null},"created":{"date":"29.08.2022","time":"08:21","timestamp":1661754060},"introAllowHtml":false,"hasTicket":false,"extra":null,"hasReadMore":true,"media":{"imageData":{"path":"\/sites\/n\/narvikregionen.no\/files\/s22.png","width":1283,"height":674,"aspectRatio":1.903560830860534},"previewImageUrl":"\/sites\/n\/narvikregionen.no\/files\/s22.png?cropToFit=100x59&quality=50","imageVariants":[{"path":"\/sites\/n\/narvikregionen.no\/files\/s22.png?cropToFit=100x59&quality=75","width":100,"height":59,"aspectRatio":1.694915254237288},{"path":"\/sites\/n\/narvikregionen.no\/files\/s22.png?cropToFit=200x118&quality=75","width":200,"height":118,"aspectRatio":1.694915254237288},{"path":"\/sites\/n\/narvikregionen.no\/files\/s22.png?cropToFit=400x235&quality=75","width":400,"height":235,"aspectRatio":1.702127659574468},{"path":"\/sites\/n\/narvikregionen.no\/files\/s22.png?cropToFit=600x353&quality=75","width":600,"height":353,"aspectRatio":1.6997167138810199},{"path":"\/sites\/n\/narvikregionen.no\/files\/s22.png?cropToFit=800x471&quality=75","width":800,"height":471,"aspectRatio":1.6985138004246285},{"path":"\/sites\/n\/narvikregionen.no\/files\/s22.png?cropToFit=1000x588&quality=75","width":1000,"height":588,"aspectRatio":1.7006802721088434},{"path":"\/sites\/n\/narvikregionen.no\/files\/s22.png?cropToFit=1200x706&quality=75","width":1146,"height":674,"aspectRatio":1.7002967359050445}],"image":"\/sites\/n\/narvikregionen.no\/files\/s22.png","aspect":1.694915254237288,"type":"image","description":null},"additionalData":[]},{"classes":["outercol"],"isFavourite":false,"isExternalUrl":{"articleLink":true},"articleListButtonsData":{"buttonsList":[{"label":"Les mer","url":"https:\/\/media.nordnorge.com\/partners\/narvik-region","type":"readmore"}],"mode":"default"},"favouriteType":null,"mnu":null,"section":null,"displayId":true,"docId":256,"identifier":"256Article","docType":"Article","customDate":false,"teaserData":{"teaserText":"","mode":"default"},"content":{"teaser":"","intro":"Se fantastiske foto fra Narvikregionen i Medie Bank Nord Norge. Her kan du laste ned foto til \"ikke kommersielt\" bruk. "},"titles":{"main":"Fotobank Narvikregionen","readMoreButton":"Les mer"},"urls":{"readMore":"https:\/\/media.nordnorge.com\/partners\/narvik-region","booking":null},"created":{"date":"03.09.2021","time":"08:46","timestamp":1630651560},"introAllowHtml":false,"hasTicket":false,"extra":null,"hasReadMore":true,"media":{"imageData":{"path":"\/sites\/n\/narvikregionen.no\/files\/mediebank.png","width":1173,"height":505,"aspectRatio":2.3227722772277226},"previewImageUrl":"\/sites\/n\/narvikregionen.no\/files\/mediebank.png?cropToFit=100x59&quality=50","imageVariants":[{"path":"\/sites\/n\/narvikregionen.no\/files\/mediebank.png?cropToFit=100x59&quality=75","width":100,"height":59,"aspectRatio":1.694915254237288},{"path":"\/sites\/n\/narvikregionen.no\/files\/mediebank.png?cropToFit=200x118&quality=75","width":200,"height":118,"aspectRatio":1.694915254237288},{"path":"\/sites\/n\/narvikregionen.no\/files\/mediebank.png?cropToFit=400x235&quality=75","width":400,"height":235,"aspectRatio":1.702127659574468},{"path":"\/sites\/n\/narvikregionen.no\/files\/mediebank.png?cropToFit=600x353&quality=75","width":600,"height":353,"aspectRatio":1.6997167138810199},{"path":"\/sites\/n\/narvikregionen.no\/files\/mediebank.png?cropToFit=800x471&quality=75","width":800,"height":471,"aspectRatio":1.6985138004246285},{"path":"\/sites\/n\/narvikregionen.no\/files\/mediebank.png?cropToFit=1000x588&quality=75","width":859,"height":505,"aspectRatio":1.700990099009901},{"path":"\/sites\/n\/narvikregionen.no\/files\/mediebank.png?cropToFit=1200x706&quality=75","width":858,"height":505,"aspectRatio":1.699009900990099}],"image":"\/sites\/n\/narvikregionen.no\/files\/mediebank.png","aspect":1.694915254237288,"type":"image","description":null},"additionalData":[]},{"classes":["outercol"],"isFavourite":false,"isExternalUrl":{"articleLink":true},"articleListButtonsData":{"buttonsList":[{"label":"Se alle videoer","url":"https:\/\/www.facebook.com\/watch\/VisitNarvik\/","type":"readmore"}],"mode":"default"},"favouriteType":null,"mnu":null,"section":null,"displayId":true,"docId":225,"identifier":"225Article","docType":"Article","customDate":false,"teaserData":{"teaserText":"","mode":"default"},"content":{"teaser":"","intro":"Se videoer som presenterer regionens opplevelsestilbud i Visit Narviks videoarkiv p\u00e5 facebook. "},"titles":{"main":"Videoer av opplevelsestilbud ","readMoreButton":"Se alle videoer"},"urls":{"readMore":"https:\/\/www.facebook.com\/watch\/VisitNarvik\/","booking":null},"created":{"date":"24.09.2020","time":"09:43","timestamp":1600933380},"introAllowHtml":false,"hasTicket":false,"extra":null,"hasReadMore":true,"media":{"imageData":{"path":"\/sites\/n\/narvikregionen.no\/files\/011630_runedahl_visitnarvik.comnarvikfjellet.no_1.jpg","width":2048,"height":1365,"aspectRatio":1.5003663003663004},"previewImageUrl":"\/sites\/n\/narvikregionen.no\/files\/011630_runedahl_visitnarvik.comnarvikfjellet.no_1.jpg?cropToFit=100x59&quality=50","imageVariants":[{"path":"\/sites\/n\/narvikregionen.no\/files\/011630_runedahl_visitnarvik.comnarvikfjellet.no_1.jpg?cropToFit=100x59&quality=75","width":100,"height":59,"aspectRatio":1.694915254237288},{"path":"\/sites\/n\/narvikregionen.no\/files\/011630_runedahl_visitnarvik.comnarvikfjellet.no_1.jpg?cropToFit=200x118&quality=75","width":200,"height":118,"aspectRatio":1.694915254237288},{"path":"\/sites\/n\/narvikregionen.no\/files\/011630_runedahl_visitnarvik.comnarvikfjellet.no_1.jpg?cropToFit=400x235&quality=75","width":400,"height":235,"aspectRatio":1.702127659574468},{"path":"\/sites\/n\/narvikregionen.no\/files\/011630_runedahl_visitnarvik.comnarvikfjellet.no_1.jpg?cropToFit=600x353&quality=75","width":600,"height":353,"aspectRatio":1.6997167138810199},{"path":"\/sites\/n\/narvikregionen.no\/files\/011630_runedahl_visitnarvik.comnarvikfjellet.no_1.jpg?cropToFit=800x471&quality=75","width":800,"height":471,"aspectRatio":1.6985138004246285},{"path":"\/sites\/n\/narvikregionen.no\/files\/011630_runedahl_visitnarvik.comnarvikfjellet.no_1.jpg?cropToFit=1000x588&quality=75","width":1000,"height":588,"aspectRatio":1.7006802721088434},{"path":"\/sites\/n\/narvikregionen.no\/files\/011630_runedahl_visitnarvik.comnarvikfjellet.no_1.jpg?cropToFit=1200x706&quality=75","width":1200,"height":706,"aspectRatio":1.6997167138810199}],"image":"\/sites\/n\/narvikregionen.no\/files\/011630_runedahl_visitnarvik.comnarvikfjellet.no_1.jpg","aspect":1.694915254237288,"type":"image","description":null},"additionalData":[]},{"classes":["outercol"],"isFavourite":false,"isExternalUrl":{"articleLink":false},"articleListButtonsData":{"buttonsList":[{"label":"Les mer","url":"\/om\/?Article=224","type":"readmore"}],"mode":"default"},"favouriteType":null,"mnu":null,"section":null,"displayId":true,"docId":224,"identifier":"224Article","docType":"Article","customDate":false,"teaserData":{"teaserText":"","mode":"default"},"content":{"teaser":"","intro":"Kart, buss, tog, fly, helikopter - her finner du linker til nyttige sider."},"titles":{"main":"Reisemuligheter i regionen","readMoreButton":"Les mer"},"urls":{"readMore":"\/om\/?Article=224","booking":null},"created":{"date":"30.06.2024","time":"10:31","timestamp":1719736260},"introAllowHtml":false,"hasTicket":false,"extra":null,"hasReadMore":true,"media":{"imageData":{"path":"\/sites\/n\/narvikregionen.no\/files\/buss_1.jpg","width":800,"height":488,"aspectRatio":1.639344262295082},"previewImageUrl":"\/sites\/n\/narvikregionen.no\/files\/buss_1.jpg?cropToFit=100x59&quality=50","imageVariants":[{"path":"\/sites\/n\/narvikregionen.no\/files\/buss_1.jpg?cropToFit=100x59&quality=75","width":100,"height":59,"aspectRatio":1.694915254237288},{"path":"\/sites\/n\/narvikregionen.no\/files\/buss_1.jpg?cropToFit=200x118&quality=75","width":200,"height":118,"aspectRatio":1.694915254237288},{"path":"\/sites\/n\/narvikregionen.no\/files\/buss_1.jpg?cropToFit=400x235&quality=75","width":400,"height":235,"aspectRatio":1.702127659574468},{"path":"\/sites\/n\/narvikregionen.no\/files\/buss_1.jpg?cropToFit=600x353&quality=75","width":600,"height":353,"aspectRatio":1.6997167138810199},{"path":"\/sites\/n\/narvikregionen.no\/files\/buss_1.jpg?cropToFit=800x471&quality=75","width":800,"height":471,"aspectRatio":1.6985138004246285},{"path":"\/sites\/n\/narvikregionen.no\/files\/buss_1.jpg?cropToFit=1000x588&quality=75","width":800,"height":470,"aspectRatio":1.702127659574468},{"path":"\/sites\/n\/narvikregionen.no\/files\/buss_1.jpg?cropToFit=1200x706&quality=75","width":800,"height":471,"aspectRatio":1.6985138004246285}],"image":"\/sites\/n\/narvikregionen.no\/files\/buss_1.jpg","aspect":1.694915254237288,"type":"image","description":null},"additionalData":[]},{"classes":["outercol"],"isFavourite":false,"isExternalUrl":{"articleLink":false},"articleListButtonsData":{"buttonsList":[{"label":"Les mer","url":"\/om\/?Article=223","type":"readmore"}],"mode":"default"},"favouriteType":null,"mnu":null,"section":null,"displayId":true,"docId":223,"identifier":"223Article","docType":"Article","customDate":false,"teaserData":{"teaserText":"","mode":"default"},"content":{"teaser":"","intro":"Andre verdenskrig herjet stygt i Narvikregionen under invasjonen og de p\u00e5f\u00f8lgende kamphandlinger i perioden fra april - juni i 1940."},"titles":{"main":"Andre verdenskrig - Slaget om Narvik  ","readMoreButton":"Les mer"},"urls":{"readMore":"\/om\/?Article=223","booking":null},"created":{"date":"19.11.2025","time":"12:43","timestamp":1763552580},"introAllowHtml":false,"hasTicket":false,"extra":null,"hasReadMore":true,"media":{"imageData":{"path":"\/sites\/n\/narvikregionen.no\/files\/krig.jpg","width":1000,"height":660,"aspectRatio":1.5151515151515151},"previewImageUrl":"\/sites\/n\/narvikregionen.no\/files\/krig.jpg?cropToFit=100x59&quality=50","imageVariants":[{"path":"\/sites\/n\/narvikregionen.no\/files\/krig.jpg?cropToFit=100x59&quality=75","width":100,"height":59,"aspectRatio":1.694915254237288},{"path":"\/sites\/n\/narvikregionen.no\/files\/krig.jpg?cropToFit=200x118&quality=75","width":200,"height":118,"aspectRatio":1.694915254237288},{"path":"\/sites\/n\/narvikregionen.no\/files\/krig.jpg?cropToFit=400x235&quality=75","width":400,"height":235,"aspectRatio":1.702127659574468},{"path":"\/sites\/n\/narvikregionen.no\/files\/krig.jpg?cropToFit=600x353&quality=75","width":600,"height":353,"aspectRatio":1.6997167138810199},{"path":"\/sites\/n\/narvikregionen.no\/files\/krig.jpg?cropToFit=800x471&quality=75","width":800,"height":471,"aspectRatio":1.6985138004246285},{"path":"\/sites\/n\/narvikregionen.no\/files\/krig.jpg?cropToFit=1000x588&quality=75","width":1000,"height":588,"aspectRatio":1.7006802721088434},{"path":"\/sites\/n\/narvikregionen.no\/files\/krig.jpg?cropToFit=1200x706&quality=75","width":1000,"height":588,"aspectRatio":1.7006802721088434}],"image":"\/sites\/n\/narvikregionen.no\/files\/krig.jpg","aspect":1.694915254237288,"type":"image","description":null},"additionalData":[]},{"classes":["outercol"],"isFavourite":false,"isExternalUrl":{"articleLink":true},"articleListButtonsData":{"buttonsList":[{"label":"Les mer","url":"https:\/\/lokalhistoriewiki.no\/wiki\/Ofotbanen","type":"readmore"}],"mode":"default"},"favouriteType":null,"mnu":null,"section":null,"displayId":true,"docId":124,"identifier":"124Article","docType":"Article","customDate":false,"teaserData":{"teaserText":"Wikipedia","mode":"default"},"content":{"teaser":"Wikipedia","intro":"Ofotbanen er en 41,9 km lang jernbane som g\u00e5r fra malmhavnen i Narvik og til riksgrensen mot Sverige ved Vassijaure. Linjen fortsetter p\u00e5 svensk side hvor banen heter Malmbanan, og g\u00e5r til Lule\u00e5 ved Bottenviken og er direkte knyttet til det svenske jernbanenettet. Banen ble satt i drift 15. november 1902, og offisielt \u00e5pnet av kong Oscar II 14. juni 1903. I 1923 ble banen elektrifisert."},"titles":{"main":"Historien om Ofotbanen","readMoreButton":"Les mer"},"urls":{"readMore":"https:\/\/lokalhistoriewiki.no\/wiki\/Ofotbanen","booking":null},"created":{"date":"19.01.2018","time":"09:35","timestamp":1516350900},"introAllowHtml":false,"hasTicket":false,"extra":null,"hasReadMore":true,"media":{"imageData":{"path":"\/sites\/n\/narvikregionen.no\/files\/350pxoscar_ii_ofotbanen_1903.png","width":350,"height":240,"aspectRatio":1.4583333333333333},"previewImageUrl":"\/sites\/n\/narvikregionen.no\/files\/350pxoscar_ii_ofotbanen_1903.png?cropToFit=100x59&quality=50","imageVariants":[{"path":"\/sites\/n\/narvikregionen.no\/files\/350pxoscar_ii_ofotbanen_1903.png?cropToFit=100x59&quality=75","width":100,"height":59,"aspectRatio":1.694915254237288},{"path":"\/sites\/n\/narvikregionen.no\/files\/350pxoscar_ii_ofotbanen_1903.png?cropToFit=200x118&quality=75","width":200,"height":118,"aspectRatio":1.694915254237288},{"path":"\/sites\/n\/narvikregionen.no\/files\/350pxoscar_ii_ofotbanen_1903.png?cropToFit=400x235&quality=75","width":350,"height":206,"aspectRatio":1.6990291262135921},{"path":"\/sites\/n\/narvikregionen.no\/files\/350pxoscar_ii_ofotbanen_1903.png?cropToFit=600x353&quality=75","width":350,"height":206,"aspectRatio":1.6990291262135921},{"path":"\/sites\/n\/narvikregionen.no\/files\/350pxoscar_ii_ofotbanen_1903.png?cropToFit=800x471&quality=75","width":350,"height":206,"aspectRatio":1.6990291262135921},{"path":"\/sites\/n\/narvikregionen.no\/files\/350pxoscar_ii_ofotbanen_1903.png?cropToFit=1000x588&quality=75","width":350,"height":206,"aspectRatio":1.6990291262135921},{"path":"\/sites\/n\/narvikregionen.no\/files\/350pxoscar_ii_ofotbanen_1903.png?cropToFit=1200x706&quality=75","width":350,"height":206,"aspectRatio":1.6990291262135921}],"image":"\/sites\/n\/narvikregionen.no\/files\/350pxoscar_ii_ofotbanen_1903.png","aspect":1.694915254237288,"type":"image","description":"Kong Oscar \u00e5pner Ofotbanen 1903"},"additionalData":[]},{"classes":["outercol"],"isFavourite":false,"isExternalUrl":{"articleLink":false},"articleListButtonsData":{"buttonsList":[{"label":"Les mer","url":"\/om\/?Article=222","type":"readmore"}],"mode":"default"},"favouriteType":null,"mnu":null,"section":null,"displayId":true,"docId":222,"identifier":"222Article","docType":"Article","customDate":false,"teaserData":{"teaserText":"","mode":"default"},"content":{"teaser":"","intro":"Helleristninger er en betegnelse p\u00e5 forhistoriske bilder, hugget eller slipt inn i stein og fjell. Denne regionen har det st\u00f8rste antall helleristninger i landet."},"titles":{"main":"Helleristninger i regionen","readMoreButton":"Les mer"},"urls":{"readMore":"\/om\/?Article=222","booking":null},"created":{"date":"01.01.1970","time":"00:00","timestamp":-3600},"introAllowHtml":false,"hasTicket":false,"extra":null,"hasReadMore":true,"media":{"imageData":{"path":"\/sites\/n\/narvikregionen.no\/files\/forselv.jpg","width":490,"height":367,"aspectRatio":1.335149863760218},"previewImageUrl":"\/sites\/n\/narvikregionen.no\/files\/forselv.jpg?cropToFit=100x59&quality=50","imageVariants":[{"path":"\/sites\/n\/narvikregionen.no\/files\/forselv.jpg?cropToFit=100x59&quality=75","width":100,"height":59,"aspectRatio":1.694915254237288},{"path":"\/sites\/n\/narvikregionen.no\/files\/forselv.jpg?cropToFit=200x118&quality=75","width":200,"height":118,"aspectRatio":1.694915254237288},{"path":"\/sites\/n\/narvikregionen.no\/files\/forselv.jpg?cropToFit=400x235&quality=75","width":400,"height":235,"aspectRatio":1.702127659574468},{"path":"\/sites\/n\/narvikregionen.no\/files\/forselv.jpg?cropToFit=600x353&quality=75","width":490,"height":288,"aspectRatio":1.7013888888888888},{"path":"\/sites\/n\/narvikregionen.no\/files\/forselv.jpg?cropToFit=800x471&quality=75","width":490,"height":288,"aspectRatio":1.7013888888888888},{"path":"\/sites\/n\/narvikregionen.no\/files\/forselv.jpg?cropToFit=1000x588&quality=75","width":490,"height":288,"aspectRatio":1.7013888888888888},{"path":"\/sites\/n\/narvikregionen.no\/files\/forselv.jpg?cropToFit=1200x706&quality=75","width":490,"height":288,"aspectRatio":1.7013888888888888}],"image":"\/sites\/n\/narvikregionen.no\/files\/forselv.jpg","aspect":1.694915254237288,"type":"image","description":null},"additionalData":[]},{"classes":["outercol"],"isFavourite":false,"isExternalUrl":{"articleLink":false},"articleListButtonsData":{"buttonsList":[{"label":"Les mer","url":"\/sites\/n\/narvikregionen.no\/files\/monumenternarvik.pdf","type":"readmore"}],"mode":"default"},"favouriteType":null,"mnu":null,"section":null,"displayId":true,"docId":133,"identifier":"133Article","docType":"Article","customDate":false,"teaserData":{"teaserText":"Presentasjon i pdf","mode":"default"},"content":{"teaser":"Presentasjon i pdf","intro":"Seksjon Veg og Park forvalter denne kulturarven for Narvik kommune.  "},"titles":{"main":"Minnesmerker og monumenter i Narvik ","readMoreButton":"Les mer"},"urls":{"readMore":"\/sites\/n\/narvikregionen.no\/files\/monumenternarvik.pdf","booking":null},"created":{"date":"08.02.2018","time":"13:45","timestamp":1518093900},"introAllowHtml":false,"hasTicket":false,"extra":null,"hasReadMore":true,"media":{"imageData":{"path":"\/sites\/n\/narvikregionen.no\/files\/dsc_5291.jpg","width":1920,"height":1080,"aspectRatio":1.7777777777777777},"previewImageUrl":"\/sites\/n\/narvikregionen.no\/files\/dsc_5291.jpg?cropToFit=100x59&quality=50","imageVariants":[{"path":"\/sites\/n\/narvikregionen.no\/files\/dsc_5291.jpg?cropToFit=100x59&quality=75","width":100,"height":59,"aspectRatio":1.694915254237288},{"path":"\/sites\/n\/narvikregionen.no\/files\/dsc_5291.jpg?cropToFit=200x118&quality=75","width":200,"height":118,"aspectRatio":1.694915254237288},{"path":"\/sites\/n\/narvikregionen.no\/files\/dsc_5291.jpg?cropToFit=400x235&quality=75","width":400,"height":235,"aspectRatio":1.702127659574468},{"path":"\/sites\/n\/narvikregionen.no\/files\/dsc_5291.jpg?cropToFit=600x353&quality=75","width":600,"height":353,"aspectRatio":1.6997167138810199},{"path":"\/sites\/n\/narvikregionen.no\/files\/dsc_5291.jpg?cropToFit=800x471&quality=75","width":800,"height":471,"aspectRatio":1.6985138004246285},{"path":"\/sites\/n\/narvikregionen.no\/files\/dsc_5291.jpg?cropToFit=1000x588&quality=75","width":1000,"height":588,"aspectRatio":1.7006802721088434},{"path":"\/sites\/n\/narvikregionen.no\/files\/dsc_5291.jpg?cropToFit=1200x706&quality=75","width":1200,"height":706,"aspectRatio":1.6997167138810199}],"image":"\/sites\/n\/narvikregionen.no\/files\/dsc_5291.jpg","aspect":1.694915254237288,"type":"image","description":null},"additionalData":[]},{"classes":["outercol"],"isFavourite":false,"isExternalUrl":{"articleLink":false},"articleListButtonsData":{"buttonsList":[{"label":"Les mer","url":"\/om\/?Article=191","type":"readmore"}],"mode":"default"},"favouriteType":null,"mnu":null,"section":null,"displayId":true,"docId":191,"identifier":"191Article","docType":"Article","customDate":false,"teaserData":{"teaserText":"Se videopresentasjoner","mode":"default"},"content":{"teaser":"Se videopresentasjoner","intro":"Historiker Knut Werner-Hagen videoblogger om viktige hendelser under Andre verdenskrig. "},"titles":{"main":"2 verdenskrig | Kampene rundt Narvik","readMoreButton":"Les mer"},"urls":{"readMore":"\/om\/?Article=191","booking":null},"created":{"date":"29.05.2019","time":"07:01","timestamp":1559106060},"introAllowHtml":false,"hasTicket":false,"extra":null,"hasReadMore":true,"media":{"imageData":{"path":"\/sites\/n\/narvikregionen.no\/files\/2vk.png","width":1203,"height":673,"aspectRatio":1.787518573551263},"previewImageUrl":"\/sites\/n\/narvikregionen.no\/files\/2vk.png?cropToFit=100x59&quality=50","imageVariants":[{"path":"\/sites\/n\/narvikregionen.no\/files\/2vk.png?cropToFit=100x59&quality=75","width":100,"height":59,"aspectRatio":1.694915254237288},{"path":"\/sites\/n\/narvikregionen.no\/files\/2vk.png?cropToFit=200x118&quality=75","width":200,"height":118,"aspectRatio":1.694915254237288},{"path":"\/sites\/n\/narvikregionen.no\/files\/2vk.png?cropToFit=400x235&quality=75","width":400,"height":235,"aspectRatio":1.702127659574468},{"path":"\/sites\/n\/narvikregionen.no\/files\/2vk.png?cropToFit=600x353&quality=75","width":600,"height":353,"aspectRatio":1.6997167138810199},{"path":"\/sites\/n\/narvikregionen.no\/files\/2vk.png?cropToFit=800x471&quality=75","width":800,"height":471,"aspectRatio":1.6985138004246285},{"path":"\/sites\/n\/narvikregionen.no\/files\/2vk.png?cropToFit=1000x588&quality=75","width":1000,"height":588,"aspectRatio":1.7006802721088434},{"path":"\/sites\/n\/narvikregionen.no\/files\/2vk.png?cropToFit=1200x706&quality=75","width":1144,"height":673,"aspectRatio":1.699851411589896}],"image":"\/sites\/n\/narvikregionen.no\/files\/2vk.png","aspect":1.694915254237288,"type":"image","description":null},"additionalData":[]},{"classes":["outercol"],"isFavourite":false,"isExternalUrl":{"articleLink":false},"articleListButtonsData":{"buttonsList":[{"label":"Les mer","url":"\/sites\/n\/narvikregionen.no\/files\/svarta_faktaark_norsk.pdf","type":"readmore"}],"mode":"default"},"favouriteType":null,"mnu":null,"section":null,"displayId":true,"docId":125,"identifier":"125Article","docType":"Article","customDate":false,"teaserData":{"teaserText":"Faktaark","mode":"default"},"content":{"teaser":"Faktaark","intro":"Anna Rebecka Hofstad, kvinnen som senere ble kalt Svarta Bj\u00f8rn, opps\u00f8kte eventyret i Rombaksbotn for \u00e5 s\u00f8ke jobb ved anlegget som bygde verdens f\u00f8rste arktiske jernbane - mellom Kiruna og Narvik"},"titles":{"main":"Legenden om Svarta Bj\u00f8rn","readMoreButton":"Les mer"},"urls":{"readMore":"\/sites\/n\/narvikregionen.no\/files\/svarta_faktaark_norsk.pdf","booking":null},"created":{"date":"19.01.2018","time":"09:47","timestamp":1516351620},"introAllowHtml":false,"hasTicket":false,"extra":null,"hasReadMore":true,"media":{"imageData":{"path":"\/sites\/n\/narvikregionen.no\/files\/sb.jpg","width":680,"height":300,"aspectRatio":2.2666666666666666},"previewImageUrl":"\/sites\/n\/narvikregionen.no\/files\/sb.jpg?cropToFit=100x59&quality=50","imageVariants":[{"path":"\/sites\/n\/narvikregionen.no\/files\/sb.jpg?cropToFit=100x59&quality=75","width":100,"height":59,"aspectRatio":1.694915254237288},{"path":"\/sites\/n\/narvikregionen.no\/files\/sb.jpg?cropToFit=200x118&quality=75","width":200,"height":118,"aspectRatio":1.694915254237288},{"path":"\/sites\/n\/narvikregionen.no\/files\/sb.jpg?cropToFit=400x235&quality=75","width":400,"height":235,"aspectRatio":1.702127659574468},{"path":"\/sites\/n\/narvikregionen.no\/files\/sb.jpg?cropToFit=600x353&quality=75","width":510,"height":300,"aspectRatio":1.7},{"path":"\/sites\/n\/narvikregionen.no\/files\/sb.jpg?cropToFit=800x471&quality=75","width":510,"height":300,"aspectRatio":1.7},{"path":"\/sites\/n\/narvikregionen.no\/files\/sb.jpg?cropToFit=1000x588&quality=75","width":510,"height":300,"aspectRatio":1.7},{"path":"\/sites\/n\/narvikregionen.no\/files\/sb.jpg?cropToFit=1200x706&quality=75","width":510,"height":300,"aspectRatio":1.7}],"image":"\/sites\/n\/narvikregionen.no\/files\/sb.jpg","aspect":1.694915254237288,"type":"image","description":null},"additionalData":[]},{"classes":["outercol"],"isFavourite":false,"isExternalUrl":{"articleLink":false},"articleListButtonsData":{"buttonsList":[{"label":"Les mer","url":"\/sites\/n\/narvikregionen.no\/files\/vinterfest_faktaark_norsk.pdf","type":"readmore"}],"mode":"default"},"favouriteType":null,"mnu":null,"section":null,"displayId":true,"docId":126,"identifier":"126Article","docType":"Article","customDate":false,"teaserData":{"teaserText":"Faktaark ","mode":"default"},"content":{"teaser":"Faktaark ","intro":"Vinterfestukas historie er lang og mangfoldig. Den begynte med \"Fransk festival\" i 1956, og Vinterfestuka i Narvik er s\u00e5ledes en av de den eldste og mest tradisjonsrike festivalene i landet "},"titles":{"main":"Om Vinterfestuka","readMoreButton":"Les mer"},"urls":{"readMore":"\/sites\/n\/narvikregionen.no\/files\/vinterfest_faktaark_norsk.pdf","booking":null},"created":{"date":"19.01.2018","time":"09:49","timestamp":1516351740},"introAllowHtml":false,"hasTicket":false,"extra":null,"hasReadMore":true,"media":{"imageData":{"path":"\/sites\/n\/narvikregionen.no\/files\/vu.jpg","width":680,"height":300,"aspectRatio":2.2666666666666666},"previewImageUrl":"\/sites\/n\/narvikregionen.no\/files\/vu.jpg?cropToFit=100x59&quality=50","imageVariants":[{"path":"\/sites\/n\/narvikregionen.no\/files\/vu.jpg?cropToFit=100x59&quality=75","width":100,"height":59,"aspectRatio":1.694915254237288},{"path":"\/sites\/n\/narvikregionen.no\/files\/vu.jpg?cropToFit=200x118&quality=75","width":200,"height":118,"aspectRatio":1.694915254237288},{"path":"\/sites\/n\/narvikregionen.no\/files\/vu.jpg?cropToFit=400x235&quality=75","width":400,"height":235,"aspectRatio":1.702127659574468},{"path":"\/sites\/n\/narvikregionen.no\/files\/vu.jpg?cropToFit=600x353&quality=75","width":510,"height":300,"aspectRatio":1.7},{"path":"\/sites\/n\/narvikregionen.no\/files\/vu.jpg?cropToFit=800x471&quality=75","width":510,"height":300,"aspectRatio":1.7},{"path":"\/sites\/n\/narvikregionen.no\/files\/vu.jpg?cropToFit=1000x588&quality=75","width":510,"height":300,"aspectRatio":1.7},{"path":"\/sites\/n\/narvikregionen.no\/files\/vu.jpg?cropToFit=1200x706&quality=75","width":510,"height":300,"aspectRatio":1.7}],"image":"\/sites\/n\/narvikregionen.no\/files\/vu.jpg","aspect":1.694915254237288,"type":"image","description":null},"additionalData":[]},{"classes":["outercol"],"isFavourite":false,"isExternalUrl":{"articleLink":false},"articleListButtonsData":{"buttonsList":[{"label":"Les mer","url":"\/sites\/n\/narvikregionen.no\/files\/rallarhatten_faktaark_norsk.pdf","type":"readmore"}],"mode":"default"},"favouriteType":null,"mnu":null,"section":null,"displayId":true,"docId":130,"identifier":"130Article","docType":"Article","customDate":false,"teaserData":{"teaserText":"Faktaark","mode":"default"},"content":{"teaser":"Faktaark","intro":"Rallarhatten er selve symbolet for Vinterfestuka i Narvik. Her finner du forklaringen. "},"titles":{"main":"Om rallarhatten","readMoreButton":"Les mer"},"urls":{"readMore":"\/sites\/n\/narvikregionen.no\/files\/rallarhatten_faktaark_norsk.pdf","booking":null},"created":{"date":"19.01.2018","time":"12:06","timestamp":1516359960},"introAllowHtml":false,"hasTicket":false,"extra":null,"hasReadMore":true,"media":{"imageData":{"path":"\/sites\/n\/narvikregionen.no\/files\/hatt_1.jpg","width":1200,"height":675,"aspectRatio":1.7777777777777777},"previewImageUrl":"\/sites\/n\/narvikregionen.no\/files\/hatt_1.jpg?cropToFit=100x59&quality=50","imageVariants":[{"path":"\/sites\/n\/narvikregionen.no\/files\/hatt_1.jpg?cropToFit=100x59&quality=75","width":100,"height":59,"aspectRatio":1.694915254237288},{"path":"\/sites\/n\/narvikregionen.no\/files\/hatt_1.jpg?cropToFit=200x118&quality=75","width":200,"height":118,"aspectRatio":1.694915254237288},{"path":"\/sites\/n\/narvikregionen.no\/files\/hatt_1.jpg?cropToFit=400x235&quality=75","width":400,"height":235,"aspectRatio":1.702127659574468},{"path":"\/sites\/n\/narvikregionen.no\/files\/hatt_1.jpg?cropToFit=600x353&quality=75","width":600,"height":353,"aspectRatio":1.6997167138810199},{"path":"\/sites\/n\/narvikregionen.no\/files\/hatt_1.jpg?cropToFit=800x471&quality=75","width":800,"height":471,"aspectRatio":1.6985138004246285},{"path":"\/sites\/n\/narvikregionen.no\/files\/hatt_1.jpg?cropToFit=1000x588&quality=75","width":1000,"height":588,"aspectRatio":1.7006802721088434},{"path":"\/sites\/n\/narvikregionen.no\/files\/hatt_1.jpg?cropToFit=1200x706&quality=75","width":1147,"height":675,"aspectRatio":1.6992592592592592}],"image":"\/sites\/n\/narvikregionen.no\/files\/hatt_1.jpg","aspect":1.694915254237288,"type":"image","description":null},"additionalData":[]},{"classes":["outercol"],"isFavourite":false,"isExternalUrl":{"articleLink":true},"articleListButtonsData":{"buttonsList":[{"label":"Les mer","url":"http:\/\/www.museumnord.no\/narvik\/","type":"readmore"}],"mode":"default"},"favouriteType":null,"mnu":null,"section":null,"displayId":true,"docId":97,"identifier":"97Article","docType":"Article","customDate":false,"teaserData":{"teaserText":"","mode":"default"},"content":{"teaser":"","intro":"Museets hovedtema er industrihistorie: jernbanehistorie, malmtransporten, utskipninga av malmen og byhistorie.  "},"titles":{"main":"Museum Nord, Narvik","readMoreButton":"Les mer"},"urls":{"readMore":"http:\/\/www.museumnord.no\/narvik\/","booking":null},"created":{"date":"18.10.2017","time":"10:57","timestamp":1508317020},"introAllowHtml":false,"hasTicket":false,"extra":null,"hasReadMore":true,"media":{"imageData":{"path":"\/sites\/n\/narvikregionen.no\/files\/narvikheader1.jpg","width":1140,"height":472,"aspectRatio":2.4152542372881354},"previewImageUrl":"\/sites\/n\/narvikregionen.no\/files\/narvikheader1.jpg?cropToFit=100x59&quality=50","imageVariants":[{"path":"\/sites\/n\/narvikregionen.no\/files\/narvikheader1.jpg?cropToFit=100x59&quality=75","width":100,"height":59,"aspectRatio":1.694915254237288},{"path":"\/sites\/n\/narvikregionen.no\/files\/narvikheader1.jpg?cropToFit=200x118&quality=75","width":200,"height":118,"aspectRatio":1.694915254237288},{"path":"\/sites\/n\/narvikregionen.no\/files\/narvikheader1.jpg?cropToFit=400x235&quality=75","width":400,"height":235,"aspectRatio":1.702127659574468},{"path":"\/sites\/n\/narvikregionen.no\/files\/narvikheader1.jpg?cropToFit=600x353&quality=75","width":600,"height":353,"aspectRatio":1.6997167138810199},{"path":"\/sites\/n\/narvikregionen.no\/files\/narvikheader1.jpg?cropToFit=800x471&quality=75","width":800,"height":471,"aspectRatio":1.6985138004246285},{"path":"\/sites\/n\/narvikregionen.no\/files\/narvikheader1.jpg?cropToFit=1000x588&quality=75","width":803,"height":472,"aspectRatio":1.701271186440678},{"path":"\/sites\/n\/narvikregionen.no\/files\/narvikheader1.jpg?cropToFit=1200x706&quality=75","width":802,"height":472,"aspectRatio":1.6991525423728813}],"image":"\/sites\/n\/narvikregionen.no\/files\/narvikheader1.jpg","aspect":1.694915254237288,"type":"image","description":null},"additionalData":[]},{"classes":["outercol"],"isFavourite":false,"isExternalUrl":{"articleLink":true},"articleListButtonsData":{"buttonsList":[{"label":"Les mer","url":"https:\/\/narviksenteret.no\/","type":"readmore"}],"mode":"default"},"favouriteType":null,"mnu":null,"section":null,"displayId":true,"docId":103,"identifier":"103Article","docType":"Article","customDate":false,"teaserData":{"teaserText":"","mode":"default"},"content":{"teaser":"","intro":"Stiftelsen Narviksenteret skal arbeide for \u00e5 fremme kunnskap om og forst\u00e5else for fred, krigens lover, internasjonale konvensjoner og menneskerettigheter gjennom forskning, dokumentasjon og formidling med s\u00e6rlig fokus p\u00e5 krigs- og okkupasjonshistorien i Nordomr\u00e5dene."},"titles":{"main":"Narvik Krigsmuseum","readMoreButton":"Les mer"},"urls":{"readMore":"https:\/\/narviksenteret.no\/","booking":null},"created":{"date":"18.10.2017","time":"15:30","timestamp":1508333400},"introAllowHtml":false,"hasTicket":false,"extra":null,"hasReadMore":true,"media":{"imageData":{"path":"\/sites\/n\/narvikregionen.no\/files\/web_106_20160728imgl0349400x350.jpg","width":400,"height":350,"aspectRatio":1.1428571428571428},"previewImageUrl":"\/sites\/n\/narvikregionen.no\/files\/web_106_20160728imgl0349400x350.jpg?cropToFit=100x59&quality=50","imageVariants":[{"path":"\/sites\/n\/narvikregionen.no\/files\/web_106_20160728imgl0349400x350.jpg?cropToFit=100x59&quality=75","width":100,"height":59,"aspectRatio":1.694915254237288},{"path":"\/sites\/n\/narvikregionen.no\/files\/web_106_20160728imgl0349400x350.jpg?cropToFit=200x118&quality=75","width":200,"height":118,"aspectRatio":1.694915254237288},{"path":"\/sites\/n\/narvikregionen.no\/files\/web_106_20160728imgl0349400x350.jpg?cropToFit=400x235&quality=75","width":400,"height":235,"aspectRatio":1.702127659574468},{"path":"\/sites\/n\/narvikregionen.no\/files\/web_106_20160728imgl0349400x350.jpg?cropToFit=600x353&quality=75","width":400,"height":235,"aspectRatio":1.702127659574468},{"path":"\/sites\/n\/narvikregionen.no\/files\/web_106_20160728imgl0349400x350.jpg?cropToFit=800x471&quality=75","width":400,"height":236,"aspectRatio":1.694915254237288},{"path":"\/sites\/n\/narvikregionen.no\/files\/web_106_20160728imgl0349400x350.jpg?cropToFit=1000x588&quality=75","width":400,"height":235,"aspectRatio":1.702127659574468},{"path":"\/sites\/n\/narvikregionen.no\/files\/web_106_20160728imgl0349400x350.jpg?cropToFit=1200x706&quality=75","width":400,"height":235,"aspectRatio":1.702127659574468}],"image":"\/sites\/n\/narvikregionen.no\/files\/web_106_20160728imgl0349400x350.jpg","aspect":1.694915254237288,"type":"image","description":null},"additionalData":[]},{"classes":["outercol"],"isFavourite":false,"isExternalUrl":{"articleLink":true},"articleListButtonsData":{"buttonsList":[{"label":"Les mer","url":"https:\/\/digitaltmuseum.no\/search\/?aq=text%3A%22ofoten%22","type":"readmore"}],"mode":"default"},"favouriteType":null,"mnu":null,"section":null,"displayId":true,"docId":104,"identifier":"104Article","docType":"Article","customDate":false,"teaserData":{"teaserText":"","mode":"default"},"content":{"teaser":"","intro":"Et utvalg foto fra v\u00e5r region."},"titles":{"main":"Digitalmuseum, Ofoten","readMoreButton":"Les mer"},"urls":{"readMore":"https:\/\/digitaltmuseum.no\/search\/?aq=text%3A%22ofoten%22","booking":null},"created":{"date":"19.10.2017","time":"10:41","timestamp":1508402460},"introAllowHtml":false,"hasTicket":false,"extra":null,"hasReadMore":true,"media":{"imageData":{"path":"\/sites\/n\/narvikregionen.no\/files\/012un1wp4k3y.jpg","width":1200,"height":735,"aspectRatio":1.6326530612244898},"previewImageUrl":"\/sites\/n\/narvikregionen.no\/files\/012un1wp4k3y.jpg?cropToFit=100x59&quality=50","imageVariants":[{"path":"\/sites\/n\/narvikregionen.no\/files\/012un1wp4k3y.jpg?cropToFit=100x59&quality=75","width":100,"height":59,"aspectRatio":1.694915254237288},{"path":"\/sites\/n\/narvikregionen.no\/files\/012un1wp4k3y.jpg?cropToFit=200x118&quality=75","width":200,"height":118,"aspectRatio":1.694915254237288},{"path":"\/sites\/n\/narvikregionen.no\/files\/012un1wp4k3y.jpg?cropToFit=400x235&quality=75","width":400,"height":235,"aspectRatio":1.702127659574468},{"path":"\/sites\/n\/narvikregionen.no\/files\/012un1wp4k3y.jpg?cropToFit=600x353&quality=75","width":600,"height":353,"aspectRatio":1.6997167138810199},{"path":"\/sites\/n\/narvikregionen.no\/files\/012un1wp4k3y.jpg?cropToFit=800x471&quality=75","width":800,"height":471,"aspectRatio":1.6985138004246285},{"path":"\/sites\/n\/narvikregionen.no\/files\/012un1wp4k3y.jpg?cropToFit=1000x588&quality=75","width":1000,"height":588,"aspectRatio":1.7006802721088434},{"path":"\/sites\/n\/narvikregionen.no\/files\/012un1wp4k3y.jpg?cropToFit=1200x706&quality=75","width":1200,"height":706,"aspectRatio":1.6997167138810199}],"image":"\/sites\/n\/narvikregionen.no\/files\/012un1wp4k3y.jpg","aspect":1.694915254237288,"type":"image","description":null},"additionalData":[]},{"classes":["outercol"],"isFavourite":false,"isExternalUrl":{"articleLink":true},"articleListButtonsData":{"buttonsList":[{"label":"Les mer","url":"http:\/\/new.stmu.no\/","type":"readmore"}],"mode":"default"},"favouriteType":null,"mnu":null,"section":null,"displayId":true,"docId":101,"identifier":"101Article","docType":"Article","customDate":false,"teaserData":{"teaserText":"","mode":"default"},"content":{"teaser":"","intro":"S\u00f8r-Troms Museum dekker kommunene Bjark\u00f8y, Harstad, Kv\u00e6fjord, Sk\u00e5nland, Lavangen, Salangen og Ibestad. "},"titles":{"main":"S\u00f8r-Troms Museum","readMoreButton":"Les mer"},"urls":{"readMore":"http:\/\/new.stmu.no\/","booking":null},"created":{"date":"18.10.2017","time":"11:04","timestamp":1508317440},"introAllowHtml":false,"hasTicket":false,"extra":null,"hasReadMore":true,"media":{"imageData":{"path":"\/sites\/n\/narvikregionen.no\/files\/1477659150732noekkel300.jpg","width":767,"height":300,"aspectRatio":2.5566666666666666},"previewImageUrl":"\/sites\/n\/narvikregionen.no\/files\/1477659150732noekkel300.jpg?cropToFit=100x59&quality=50","imageVariants":[{"path":"\/sites\/n\/narvikregionen.no\/files\/1477659150732noekkel300.jpg?cropToFit=100x59&quality=75","width":100,"height":59,"aspectRatio":1.694915254237288},{"path":"\/sites\/n\/narvikregionen.no\/files\/1477659150732noekkel300.jpg?cropToFit=200x118&quality=75","width":200,"height":118,"aspectRatio":1.694915254237288},{"path":"\/sites\/n\/narvikregionen.no\/files\/1477659150732noekkel300.jpg?cropToFit=400x235&quality=75","width":400,"height":235,"aspectRatio":1.702127659574468},{"path":"\/sites\/n\/narvikregionen.no\/files\/1477659150732noekkel300.jpg?cropToFit=600x353&quality=75","width":510,"height":300,"aspectRatio":1.7},{"path":"\/sites\/n\/narvikregionen.no\/files\/1477659150732noekkel300.jpg?cropToFit=800x471&quality=75","width":510,"height":300,"aspectRatio":1.7},{"path":"\/sites\/n\/narvikregionen.no\/files\/1477659150732noekkel300.jpg?cropToFit=1000x588&quality=75","width":510,"height":300,"aspectRatio":1.7},{"path":"\/sites\/n\/narvikregionen.no\/files\/1477659150732noekkel300.jpg?cropToFit=1200x706&quality=75","width":510,"height":300,"aspectRatio":1.7}],"image":"\/sites\/n\/narvikregionen.no\/files\/1477659150732noekkel300.jpg","aspect":1.694915254237288,"type":"image","description":null},"additionalData":[]},{"classes":["outercol"],"isFavourite":false,"isExternalUrl":{"articleLink":true},"articleListButtonsData":{"buttonsList":[{"label":"Les mer","url":"http:\/\/www.museumnord.no\/korsnes\/","type":"readmore"}],"mode":"default"},"favouriteType":null,"mnu":null,"section":null,"displayId":true,"docId":100,"identifier":"100Article","docType":"Article","customDate":false,"teaserData":{"teaserText":"","mode":"default"},"content":{"teaser":"","intro":"Korsnes er et gammelt kommunikasjonssenter. Her var det handelssted, telegraf og dampskipsanl\u00f8p.  "},"titles":{"main":"Museum Nord, Tysfjord, Korsnes","readMoreButton":"Les mer"},"urls":{"readMore":"http:\/\/www.museumnord.no\/korsnes\/","booking":null},"created":{"date":"18.10.2017","time":"11:01","timestamp":1508317260},"introAllowHtml":false,"hasTicket":false,"extra":null,"hasReadMore":true,"media":{"imageData":{"path":"\/sites\/n\/narvikregionen.no\/files\/toppbilde_korsnes.jpg","width":1140,"height":450,"aspectRatio":2.533333333333333},"previewImageUrl":"\/sites\/n\/narvikregionen.no\/files\/toppbilde_korsnes.jpg?cropToFit=100x59&quality=50","imageVariants":[{"path":"\/sites\/n\/narvikregionen.no\/files\/toppbilde_korsnes.jpg?cropToFit=100x59&quality=75","width":100,"height":59,"aspectRatio":1.694915254237288},{"path":"\/sites\/n\/narvikregionen.no\/files\/toppbilde_korsnes.jpg?cropToFit=200x118&quality=75","width":200,"height":118,"aspectRatio":1.694915254237288},{"path":"\/sites\/n\/narvikregionen.no\/files\/toppbilde_korsnes.jpg?cropToFit=400x235&quality=75","width":400,"height":235,"aspectRatio":1.702127659574468},{"path":"\/sites\/n\/narvikregionen.no\/files\/toppbilde_korsnes.jpg?cropToFit=600x353&quality=75","width":600,"height":353,"aspectRatio":1.6997167138810199},{"path":"\/sites\/n\/narvikregionen.no\/files\/toppbilde_korsnes.jpg?cropToFit=800x471&quality=75","width":764,"height":450,"aspectRatio":1.6977777777777778},{"path":"\/sites\/n\/narvikregionen.no\/files\/toppbilde_korsnes.jpg?cropToFit=1000x588&quality=75","width":765,"height":450,"aspectRatio":1.7},{"path":"\/sites\/n\/narvikregionen.no\/files\/toppbilde_korsnes.jpg?cropToFit=1200x706&quality=75","width":765,"height":450,"aspectRatio":1.7}],"image":"\/sites\/n\/narvikregionen.no\/files\/toppbilde_korsnes.jpg","aspect":1.694915254237288,"type":"image","description":null},"additionalData":[]},{"classes":["outercol"],"isFavourite":false,"isExternalUrl":{"articleLink":true},"articleListButtonsData":{"buttonsList":[{"label":"Les mer","url":"http:\/\/www.museumnord.no\/kjopsvik\/","type":"readmore"}],"mode":"default"},"favouriteType":null,"mnu":null,"section":null,"displayId":true,"docId":99,"identifier":"99Article","docType":"Article","customDate":false,"teaserData":{"teaserText":"","mode":"default"},"content":{"teaser":"","intro":"Museet i Kj\u00f8psvik f\u00f8lger stedets historie fra norsk og samisk fiskebondekultur til industrisamfunn.  "},"titles":{"main":"Museum Nord, Tysfjord, Kj\u00f8psvik","readMoreButton":"Les mer"},"urls":{"readMore":"http:\/\/www.museumnord.no\/kjopsvik\/","booking":null},"created":{"date":"18.10.2017","time":"11:00","timestamp":1508317200},"introAllowHtml":false,"hasTicket":false,"extra":null,"hasReadMore":true,"media":{"imageData":{"path":"\/sites\/n\/narvikregionen.no\/files\/nyheaderkjoepsvik.jpg","width":1100,"height":434,"aspectRatio":2.5345622119815667},"previewImageUrl":"\/sites\/n\/narvikregionen.no\/files\/nyheaderkjoepsvik.jpg?cropToFit=100x59&quality=50","imageVariants":[{"path":"\/sites\/n\/narvikregionen.no\/files\/nyheaderkjoepsvik.jpg?cropToFit=100x59&quality=75","width":100,"height":59,"aspectRatio":1.694915254237288},{"path":"\/sites\/n\/narvikregionen.no\/files\/nyheaderkjoepsvik.jpg?cropToFit=200x118&quality=75","width":200,"height":118,"aspectRatio":1.694915254237288},{"path":"\/sites\/n\/narvikregionen.no\/files\/nyheaderkjoepsvik.jpg?cropToFit=400x235&quality=75","width":400,"height":235,"aspectRatio":1.702127659574468},{"path":"\/sites\/n\/narvikregionen.no\/files\/nyheaderkjoepsvik.jpg?cropToFit=600x353&quality=75","width":600,"height":353,"aspectRatio":1.6997167138810199},{"path":"\/sites\/n\/narvikregionen.no\/files\/nyheaderkjoepsvik.jpg?cropToFit=800x471&quality=75","width":737,"height":434,"aspectRatio":1.6981566820276497},{"path":"\/sites\/n\/narvikregionen.no\/files\/nyheaderkjoepsvik.jpg?cropToFit=1000x588&quality=75","width":738,"height":434,"aspectRatio":1.7004608294930876},{"path":"\/sites\/n\/narvikregionen.no\/files\/nyheaderkjoepsvik.jpg?cropToFit=1200x706&quality=75","width":738,"height":434,"aspectRatio":1.7004608294930876}],"image":"\/sites\/n\/narvikregionen.no\/files\/nyheaderkjoepsvik.jpg","aspect":1.694915254237288,"type":"image","description":null},"additionalData":[]},{"classes":["outercol"],"isFavourite":false,"isExternalUrl":{"articleLink":true},"articleListButtonsData":{"buttonsList":[{"label":"Les mer","url":"http:\/\/www.museumnord.no\/ballangen\/","type":"readmore"}],"mode":"default"},"favouriteType":null,"mnu":null,"section":null,"displayId":true,"docId":98,"identifier":"98Article","docType":"Article","customDate":false,"teaserData":{"teaserText":" ","mode":"default"},"content":{"teaser":" ","intro":"Ballangen Museum presenterer den omfattende gruvevirksomheten som har v\u00e6rt i Ballangen siden 1600-tallet. "},"titles":{"main":"Museum Nord, Ballangen","readMoreButton":"Les mer"},"urls":{"readMore":"http:\/\/www.museumnord.no\/ballangen\/","booking":null},"created":{"date":"18.10.2017","time":"10:59","timestamp":1508317140},"introAllowHtml":false,"hasTicket":false,"extra":null,"hasReadMore":true,"media":{"imageData":{"path":"\/sites\/n\/narvikregionen.no\/files\/toppbilde_ballangen.jpg","width":1140,"height":450,"aspectRatio":2.533333333333333},"previewImageUrl":"\/sites\/n\/narvikregionen.no\/files\/toppbilde_ballangen.jpg?cropToFit=100x59&quality=50","imageVariants":[{"path":"\/sites\/n\/narvikregionen.no\/files\/toppbilde_ballangen.jpg?cropToFit=100x59&quality=75","width":100,"height":59,"aspectRatio":1.694915254237288},{"path":"\/sites\/n\/narvikregionen.no\/files\/toppbilde_ballangen.jpg?cropToFit=200x118&quality=75","width":200,"height":118,"aspectRatio":1.694915254237288},{"path":"\/sites\/n\/narvikregionen.no\/files\/toppbilde_ballangen.jpg?cropToFit=400x235&quality=75","width":400,"height":235,"aspectRatio":1.702127659574468},{"path":"\/sites\/n\/narvikregionen.no\/files\/toppbilde_ballangen.jpg?cropToFit=600x353&quality=75","width":600,"height":353,"aspectRatio":1.6997167138810199},{"path":"\/sites\/n\/narvikregionen.no\/files\/toppbilde_ballangen.jpg?cropToFit=800x471&quality=75","width":764,"height":450,"aspectRatio":1.6977777777777778},{"path":"\/sites\/n\/narvikregionen.no\/files\/toppbilde_ballangen.jpg?cropToFit=1000x588&quality=75","width":765,"height":450,"aspectRatio":1.7},{"path":"\/sites\/n\/narvikregionen.no\/files\/toppbilde_ballangen.jpg?cropToFit=1200x706&quality=75","width":765,"height":450,"aspectRatio":1.7}],"image":"\/sites\/n\/narvikregionen.no\/files\/toppbilde_ballangen.jpg","aspect":1.694915254237288,"type":"image","description":null},"additionalData":[]},{"classes":["outercol"],"isFavourite":false,"isExternalUrl":{"articleLink":true},"articleListButtonsData":{"buttonsList":[{"label":"Les mer","url":"https:\/\/narvikhistorie.wordpress.com\/om\/","type":"readmore"}],"mode":"default"},"favouriteType":null,"mnu":null,"section":null,"displayId":true,"docId":91,"identifier":"91Article","docType":"Article","customDate":false,"teaserData":{"teaserText":" ","mode":"default"},"content":{"teaser":" ","intro":"Lokalhistorie for Narvik og omr\u00e5dene rundt. \u00c5rboka for Narvik utgis av Ofoten slekts- og historielag. Det er en egen redaksjonskomit\u00e9 som st\u00e5r for selve arbeidet med \u00e5 samle inn stoff og bilder, og tilrettelegge alt for produksjon. Det er en betydelig jobb, som faktisk starter f\u00f8r \u00e5rets bok er i salg, og varer omlag \u00e5tte m\u00e5neder."},"titles":{"main":"\u00c5rbok for Narvik","readMoreButton":"Les mer"},"urls":{"readMore":"https:\/\/narvikhistorie.wordpress.com\/om\/","booking":null},"created":{"date":"18.10.2017","time":"10:31","timestamp":1508315460},"introAllowHtml":false,"hasTicket":false,"extra":null,"hasReadMore":true,"media":{"imageData":{"path":"\/sites\/n\/narvikregionen.no\/files\/arnarvik.jpg","width":1000,"height":288,"aspectRatio":3.4722222222222223},"previewImageUrl":"\/sites\/n\/narvikregionen.no\/files\/arnarvik.jpg?cropToFit=100x59&quality=50","imageVariants":[{"path":"\/sites\/n\/narvikregionen.no\/files\/arnarvik.jpg?cropToFit=100x59&quality=75","width":100,"height":59,"aspectRatio":1.694915254237288},{"path":"\/sites\/n\/narvikregionen.no\/files\/arnarvik.jpg?cropToFit=200x118&quality=75","width":200,"height":118,"aspectRatio":1.694915254237288},{"path":"\/sites\/n\/narvikregionen.no\/files\/arnarvik.jpg?cropToFit=400x235&quality=75","width":400,"height":235,"aspectRatio":1.702127659574468},{"path":"\/sites\/n\/narvikregionen.no\/files\/arnarvik.jpg?cropToFit=600x353&quality=75","width":490,"height":288,"aspectRatio":1.7013888888888888},{"path":"\/sites\/n\/narvikregionen.no\/files\/arnarvik.jpg?cropToFit=800x471&quality=75","width":489,"height":288,"aspectRatio":1.6979166666666667},{"path":"\/sites\/n\/narvikregionen.no\/files\/arnarvik.jpg?cropToFit=1000x588&quality=75","width":490,"height":288,"aspectRatio":1.7013888888888888},{"path":"\/sites\/n\/narvikregionen.no\/files\/arnarvik.jpg?cropToFit=1200x706&quality=75","width":490,"height":288,"aspectRatio":1.7013888888888888}],"image":"\/sites\/n\/narvikregionen.no\/files\/arnarvik.jpg","aspect":1.694915254237288,"type":"image","description":null},"additionalData":[]},{"classes":["outercol"],"isFavourite":false,"isExternalUrl":{"articleLink":true},"articleListButtonsData":{"buttonsList":[{"label":"Les mer","url":"http:\/\/www.gamlenarvik.no\/wiki\/index.php?title=Hovedside","type":"readmore"}],"mode":"default"},"favouriteType":null,"mnu":null,"section":null,"displayId":true,"docId":95,"identifier":"95Article","docType":"Article","customDate":false,"teaserData":{"teaserText":"","mode":"default"},"content":{"teaser":"","intro":"Velkommen til Gamle Narvik, et historisk leksikon som alle kan skrive og redigere. G\u00e5rdshistorie | Byens historie | Slektshistorie | Bolagets historie | Banens historie | Skip og b\u00e5ter"},"titles":{"main":"Gamle Narvik","readMoreButton":"Les mer"},"urls":{"readMore":"http:\/\/www.gamlenarvik.no\/wiki\/index.php?title=Hovedside","booking":null},"created":{"date":"18.10.2017","time":"10:42","timestamp":1508316120},"introAllowHtml":false,"hasTicket":false,"extra":null,"hasReadMore":true,"media":{"imageData":{"path":"\/sites\/n\/narvikregionen.no\/files\/nab1998010519.jpg","width":800,"height":562,"aspectRatio":1.4234875444839858},"previewImageUrl":"\/sites\/n\/narvikregionen.no\/files\/nab1998010519.jpg?cropToFit=100x59&quality=50","imageVariants":[{"path":"\/sites\/n\/narvikregionen.no\/files\/nab1998010519.jpg?cropToFit=100x59&quality=75","width":100,"height":59,"aspectRatio":1.694915254237288},{"path":"\/sites\/n\/narvikregionen.no\/files\/nab1998010519.jpg?cropToFit=200x118&quality=75","width":200,"height":118,"aspectRatio":1.694915254237288},{"path":"\/sites\/n\/narvikregionen.no\/files\/nab1998010519.jpg?cropToFit=400x235&quality=75","width":400,"height":235,"aspectRatio":1.702127659574468},{"path":"\/sites\/n\/narvikregionen.no\/files\/nab1998010519.jpg?cropToFit=600x353&quality=75","width":600,"height":353,"aspectRatio":1.6997167138810199},{"path":"\/sites\/n\/narvikregionen.no\/files\/nab1998010519.jpg?cropToFit=800x471&quality=75","width":800,"height":471,"aspectRatio":1.6985138004246285},{"path":"\/sites\/n\/narvikregionen.no\/files\/nab1998010519.jpg?cropToFit=1000x588&quality=75","width":800,"height":470,"aspectRatio":1.702127659574468},{"path":"\/sites\/n\/narvikregionen.no\/files\/nab1998010519.jpg?cropToFit=1200x706&quality=75","width":800,"height":471,"aspectRatio":1.6985138004246285}],"image":"\/sites\/n\/narvikregionen.no\/files\/nab1998010519.jpg","aspect":1.694915254237288,"type":"image","description":null},"additionalData":[]}],"pages":[1],"currentPage":1,"sections":[]}