{"articles":[{"classes":["outercol"],"isFavourite":false,"isExternalUrl":{"articleLink":false},"articleListButtonsData":{"buttonsList":[{"label":"Se stillinger","url":"https:\/\/narvikregionen.no\/jobb","type":"readmore"}],"mode":"default"},"favouriteType":null,"mnu":null,"section":null,"displayId":true,"docId":238,"identifier":"238Article","docType":"Article","customDate":false,"teaserData":{"teaserText":"Ledige stillinger","mode":"default"},"content":{"teaser":"Ledige stillinger","intro":"Oppdatert oversikt over ledige stillinger i Narvik, Bardu, Evenes, Gratangen, Lavangen, Salangen, Tjeldsund.\r\n"},"titles":{"main":"Ledige stillinger i Narvikregionen","readMoreButton":"Se stillinger"},"urls":{"readMore":"https:\/\/narvikregionen.no\/jobb","booking":null},"created":{"date":"26.11.2020","time":"08:56","timestamp":1606377360},"introAllowHtml":false,"hasTicket":false,"extra":null,"hasReadMore":true,"media":{"imageData":{"path":"\/sites\/n\/narvikregionen.no\/files\/2025\/07\/jobb.png","width":1296,"height":812,"aspectRatio":1.5960591133004927},"previewImageUrl":"\/sites\/n\/narvikregionen.no\/files\/2025\/07\/jobb.png?cropToFit=100x59&quality=50","imageVariants":[{"path":"\/sites\/n\/narvikregionen.no\/files\/2025\/07\/jobb.png?cropToFit=100x59&quality=75","width":100,"height":59,"aspectRatio":1.694915254237288},{"path":"\/sites\/n\/narvikregionen.no\/files\/2025\/07\/jobb.png?cropToFit=200x118&quality=75","width":200,"height":118,"aspectRatio":1.694915254237288},{"path":"\/sites\/n\/narvikregionen.no\/files\/2025\/07\/jobb.png?cropToFit=400x235&quality=75","width":400,"height":235,"aspectRatio":1.702127659574468},{"path":"\/sites\/n\/narvikregionen.no\/files\/2025\/07\/jobb.png?cropToFit=600x353&quality=75","width":600,"height":353,"aspectRatio":1.6997167138810199},{"path":"\/sites\/n\/narvikregionen.no\/files\/2025\/07\/jobb.png?cropToFit=800x471&quality=75","width":800,"height":471,"aspectRatio":1.6985138004246285},{"path":"\/sites\/n\/narvikregionen.no\/files\/2025\/07\/jobb.png?cropToFit=1000x588&quality=75","width":1000,"height":588,"aspectRatio":1.7006802721088434},{"path":"\/sites\/n\/narvikregionen.no\/files\/2025\/07\/jobb.png?cropToFit=1200x706&quality=75","width":1200,"height":706,"aspectRatio":1.6997167138810199}],"image":"\/sites\/n\/narvikregionen.no\/files\/2025\/07\/jobb.png","aspect":1.694915254237288,"type":"image","description":null},"additionalData":[]},{"classes":["outercol"],"isFavourite":false,"isExternalUrl":{"articleLink":false},"articleListButtonsData":{"buttonsList":[{"label":"Les mer","url":"\/hjem\/?Article=671","type":"readmore"}],"mode":"default"},"favouriteType":null,"mnu":null,"section":null,"displayId":true,"docId":671,"identifier":"671Article","docType":"Article","customDate":false,"teaserData":{"teaserText":"","mode":"default"},"content":{"teaser":"","intro":"Fremovers kulturkalender. Her kan du dele ditt arrangment og se hva som skjer i Narvik og omegn."},"titles":{"main":"Kulturkalender ","readMoreButton":"Les mer"},"urls":{"readMore":"\/hjem\/?Article=671","booking":null},"created":{"date":"14.12.2023","time":"08:00","timestamp":1702537200},"introAllowHtml":false,"hasTicket":false,"extra":null,"hasReadMore":true,"media":{"imageData":{"path":"\/sites\/n\/narvikregionen.no\/files\/2025\/09\/vu2023_return-14.jpg","width":1200,"height":799,"aspectRatio":1.5018773466833542},"previewImageUrl":"\/sites\/n\/narvikregionen.no\/files\/2025\/09\/vu2023_return-14.jpg?cropToFit=100x59&quality=50","imageVariants":[{"path":"\/sites\/n\/narvikregionen.no\/files\/2025\/09\/vu2023_return-14.jpg?cropToFit=100x59&quality=75","width":100,"height":59,"aspectRatio":1.694915254237288},{"path":"\/sites\/n\/narvikregionen.no\/files\/2025\/09\/vu2023_return-14.jpg?cropToFit=200x118&quality=75","width":200,"height":118,"aspectRatio":1.694915254237288},{"path":"\/sites\/n\/narvikregionen.no\/files\/2025\/09\/vu2023_return-14.jpg?cropToFit=400x235&quality=75","width":400,"height":235,"aspectRatio":1.702127659574468},{"path":"\/sites\/n\/narvikregionen.no\/files\/2025\/09\/vu2023_return-14.jpg?cropToFit=600x353&quality=75","width":600,"height":353,"aspectRatio":1.6997167138810199},{"path":"\/sites\/n\/narvikregionen.no\/files\/2025\/09\/vu2023_return-14.jpg?cropToFit=800x471&quality=75","width":800,"height":471,"aspectRatio":1.6985138004246285},{"path":"\/sites\/n\/narvikregionen.no\/files\/2025\/09\/vu2023_return-14.jpg?cropToFit=1000x588&quality=75","width":1000,"height":588,"aspectRatio":1.7006802721088434},{"path":"\/sites\/n\/narvikregionen.no\/files\/2025\/09\/vu2023_return-14.jpg?cropToFit=1200x706&quality=75","width":1200,"height":706,"aspectRatio":1.6997167138810199}],"image":"\/sites\/n\/narvikregionen.no\/files\/2025\/09\/vu2023_return-14.jpg","aspect":1.694915254237288,"type":"image","description":null},"additionalData":[]},{"classes":["outercol"],"isFavourite":false,"isExternalUrl":{"articleLink":true},"articleListButtonsData":{"buttonsList":[{"label":"Les mer","url":"https:\/\/nrnf.no\/gavekort","type":"readmore"}],"mode":"default"},"favouriteType":null,"mnu":null,"section":null,"displayId":true,"docId":247,"identifier":"247Article","docType":"Article","customDate":false,"teaserData":{"teaserText":"Digitalt gavekort","mode":"default"},"content":{"teaser":"Digitalt gavekort","intro":"Den beste gaven handler du lokalt. Her finner du oversikt over brukersteder for det nye digitale gavekortet med QR-kode."},"titles":{"main":"GAVEKORT Narvikregionen","readMoreButton":"Les mer"},"urls":{"readMore":"https:\/\/nrnf.no\/gavekort","booking":null},"created":{"date":"12.07.2021","time":"13:04","timestamp":1626087840},"introAllowHtml":false,"hasTicket":false,"extra":null,"hasReadMore":true,"media":{"imageData":{"path":"\/sites\/n\/narvikregionen.no\/files\/2025\/09\/nk__2_.png","width":1200,"height":766,"aspectRatio":1.566579634464752},"previewImageUrl":"\/sites\/n\/narvikregionen.no\/files\/2025\/09\/nk__2_.png?cropToFit=100x59&quality=50","imageVariants":[{"path":"\/sites\/n\/narvikregionen.no\/files\/2025\/09\/nk__2_.png?cropToFit=100x59&quality=75","width":100,"height":59,"aspectRatio":1.694915254237288},{"path":"\/sites\/n\/narvikregionen.no\/files\/2025\/09\/nk__2_.png?cropToFit=200x118&quality=75","width":200,"height":118,"aspectRatio":1.694915254237288},{"path":"\/sites\/n\/narvikregionen.no\/files\/2025\/09\/nk__2_.png?cropToFit=400x235&quality=75","width":400,"height":235,"aspectRatio":1.702127659574468},{"path":"\/sites\/n\/narvikregionen.no\/files\/2025\/09\/nk__2_.png?cropToFit=600x353&quality=75","width":600,"height":353,"aspectRatio":1.6997167138810199},{"path":"\/sites\/n\/narvikregionen.no\/files\/2025\/09\/nk__2_.png?cropToFit=800x471&quality=75","width":800,"height":471,"aspectRatio":1.6985138004246285},{"path":"\/sites\/n\/narvikregionen.no\/files\/2025\/09\/nk__2_.png?cropToFit=1000x588&quality=75","width":1000,"height":588,"aspectRatio":1.7006802721088434},{"path":"\/sites\/n\/narvikregionen.no\/files\/2025\/09\/nk__2_.png?cropToFit=1200x706&quality=75","width":1200,"height":706,"aspectRatio":1.6997167138810199}],"image":"\/sites\/n\/narvikregionen.no\/files\/2025\/09\/nk__2_.png","aspect":1.694915254237288,"type":"image","description":null},"additionalData":[]},{"classes":["outercol"],"isFavourite":false,"isExternalUrl":{"articleLink":false},"articleListButtonsData":{"buttonsList":[{"label":"Les mer","url":"\/hjem\/?Article=55","type":"readmore"}],"mode":"default"},"favouriteType":null,"mnu":null,"section":null,"displayId":true,"docId":55,"identifier":"55Article","docType":"Article","customDate":false,"teaserData":{"teaserText":"","mode":"default"},"content":{"teaser":"","intro":"Frivilligsentralen er en m\u00f8teplass som formidler kontakt mellom mennesker i lokalmilj\u00f8et - noen trenger hjelp og andre \u00f8nsker \u00e5 hjelpe."},"titles":{"main":"Frivilligsentraler i regionen","readMoreButton":"Les mer"},"urls":{"readMore":"\/hjem\/?Article=55","booking":null},"created":{"date":"16.05.2017","time":"09:09","timestamp":1494918540},"introAllowHtml":false,"hasTicket":false,"extra":null,"hasReadMore":true,"media":{"imageData":{"path":"\/sites\/n\/narvikregionen.no\/files\/vaarbildetopp.jpg","width":1176,"height":313,"aspectRatio":3.757188498402556},"previewImageUrl":"\/sites\/n\/narvikregionen.no\/files\/vaarbildetopp.jpg?cropToFit=100x59&quality=50","imageVariants":[{"path":"\/sites\/n\/narvikregionen.no\/files\/vaarbildetopp.jpg?cropToFit=100x59&quality=75","width":100,"height":59,"aspectRatio":1.694915254237288},{"path":"\/sites\/n\/narvikregionen.no\/files\/vaarbildetopp.jpg?cropToFit=200x118&quality=75","width":200,"height":118,"aspectRatio":1.694915254237288},{"path":"\/sites\/n\/narvikregionen.no\/files\/vaarbildetopp.jpg?cropToFit=400x235&quality=75","width":400,"height":235,"aspectRatio":1.702127659574468},{"path":"\/sites\/n\/narvikregionen.no\/files\/vaarbildetopp.jpg?cropToFit=600x353&quality=75","width":532,"height":313,"aspectRatio":1.6996805111821087},{"path":"\/sites\/n\/narvikregionen.no\/files\/vaarbildetopp.jpg?cropToFit=800x471&quality=75","width":532,"height":313,"aspectRatio":1.6996805111821087},{"path":"\/sites\/n\/narvikregionen.no\/files\/vaarbildetopp.jpg?cropToFit=1000x588&quality=75","width":532,"height":313,"aspectRatio":1.6996805111821087},{"path":"\/sites\/n\/narvikregionen.no\/files\/vaarbildetopp.jpg?cropToFit=1200x706&quality=75","width":532,"height":313,"aspectRatio":1.6996805111821087}],"image":"\/sites\/n\/narvikregionen.no\/files\/vaarbildetopp.jpg","aspect":1.694915254237288,"type":"image","description":null},"additionalData":[]},{"classes":["outercol"],"isFavourite":false,"isExternalUrl":{"articleLink":false},"articleListButtonsData":{"buttonsList":[{"label":"Les mer","url":"https:\/\/narvikregionen.no\/student","type":"readmore"}],"mode":"default"},"favouriteType":null,"mnu":null,"section":null,"displayId":true,"docId":472,"identifier":"472Article","docType":"Article","customDate":false,"teaserData":{"teaserText":"Studenter","mode":"default"},"content":{"teaser":"Studenter","intro":"Her samler vi info om aktiviteter og saker som kan v\u00e6re aktuelle for studenter i regionen."},"titles":{"main":"Studenter i Narvikregionen","readMoreButton":"Les mer"},"urls":{"readMore":"https:\/\/narvikregionen.no\/student","booking":null},"created":{"date":"02.02.2023","time":"11:32","timestamp":1675333920},"introAllowHtml":false,"hasTicket":false,"extra":null,"hasReadMore":true,"media":{"imageData":{"path":"\/sites\/n\/narvikregionen.no\/files\/istock-496388402.jpg","width":4200,"height":2800,"aspectRatio":1.5},"previewImageUrl":"\/sites\/n\/narvikregionen.no\/files\/istock-496388402.jpg?cropToFit=100x59&quality=50","imageVariants":[{"path":"\/sites\/n\/narvikregionen.no\/files\/istock-496388402.jpg?cropToFit=100x59&quality=75","width":100,"height":59,"aspectRatio":1.694915254237288},{"path":"\/sites\/n\/narvikregionen.no\/files\/istock-496388402.jpg?cropToFit=200x118&quality=75","width":200,"height":118,"aspectRatio":1.694915254237288},{"path":"\/sites\/n\/narvikregionen.no\/files\/istock-496388402.jpg?cropToFit=400x235&quality=75","width":400,"height":235,"aspectRatio":1.702127659574468},{"path":"\/sites\/n\/narvikregionen.no\/files\/istock-496388402.jpg?cropToFit=600x353&quality=75","width":600,"height":353,"aspectRatio":1.6997167138810199},{"path":"\/sites\/n\/narvikregionen.no\/files\/istock-496388402.jpg?cropToFit=800x471&quality=75","width":800,"height":471,"aspectRatio":1.6985138004246285},{"path":"\/sites\/n\/narvikregionen.no\/files\/istock-496388402.jpg?cropToFit=1000x588&quality=75","width":1000,"height":588,"aspectRatio":1.7006802721088434},{"path":"\/sites\/n\/narvikregionen.no\/files\/istock-496388402.jpg?cropToFit=1200x706&quality=75","width":1200,"height":706,"aspectRatio":1.6997167138810199}],"image":"\/sites\/n\/narvikregionen.no\/files\/istock-496388402.jpg","aspect":1.694915254237288,"type":"image","description":null},"additionalData":[]},{"classes":["outercol"],"isFavourite":false,"isExternalUrl":{"articleLink":true},"articleListButtonsData":{"buttonsList":[{"label":"Les mer","url":"https:\/\/www.narvik.kommune.no\/aktuelt\/okning-i-folketall-for-narvik-kommune.355634.aspx","type":"readmore"}],"mode":"default"},"favouriteType":null,"mnu":null,"section":null,"displayId":true,"docId":317,"identifier":"317Article","docType":"Article","customDate":false,"teaserData":{"teaserText":"Nyheter","mode":"default"},"content":{"teaser":"Nyheter","intro":"Av de seks st\u00f8rste kommunene i Nord-Norge er det kun Bod\u00f8 som hadde h\u00f8yere folkevekst i andre kvartal. Det viser nye tall fra Statistisk sentralbyr\u00e5."},"titles":{"main":"Folkevekst i Narvik kommune\ud83d\udcc8  ","readMoreButton":"Les mer"},"urls":{"readMore":"https:\/\/www.narvik.kommune.no\/aktuelt\/okning-i-folketall-for-narvik-kommune.355634.aspx","booking":null},"created":{"date":"18.08.2022","time":"16:28","timestamp":1660832880},"introAllowHtml":false,"hasTicket":false,"extra":null,"hasReadMore":true,"media":{"imageData":{"path":"\/sites\/n\/narvikregionen.no\/files\/folkevekst.jpg","width":3238,"height":1295,"aspectRatio":2.5003861003861005},"previewImageUrl":"\/sites\/n\/narvikregionen.no\/files\/folkevekst.jpg?cropToFit=100x59&quality=50","imageVariants":[{"path":"\/sites\/n\/narvikregionen.no\/files\/folkevekst.jpg?cropToFit=100x59&quality=75","width":100,"height":59,"aspectRatio":1.694915254237288},{"path":"\/sites\/n\/narvikregionen.no\/files\/folkevekst.jpg?cropToFit=200x118&quality=75","width":200,"height":118,"aspectRatio":1.694915254237288},{"path":"\/sites\/n\/narvikregionen.no\/files\/folkevekst.jpg?cropToFit=400x235&quality=75","width":400,"height":235,"aspectRatio":1.702127659574468},{"path":"\/sites\/n\/narvikregionen.no\/files\/folkevekst.jpg?cropToFit=600x353&quality=75","width":600,"height":353,"aspectRatio":1.6997167138810199},{"path":"\/sites\/n\/narvikregionen.no\/files\/folkevekst.jpg?cropToFit=800x471&quality=75","width":800,"height":471,"aspectRatio":1.6985138004246285},{"path":"\/sites\/n\/narvikregionen.no\/files\/folkevekst.jpg?cropToFit=1000x588&quality=75","width":1000,"height":588,"aspectRatio":1.7006802721088434},{"path":"\/sites\/n\/narvikregionen.no\/files\/folkevekst.jpg?cropToFit=1200x706&quality=75","width":1200,"height":706,"aspectRatio":1.6997167138810199}],"image":"\/sites\/n\/narvikregionen.no\/files\/folkevekst.jpg","aspect":1.694915254237288,"type":"image","description":null},"additionalData":[]},{"classes":["outercol"],"isFavourite":false,"isExternalUrl":{"articleLink":true},"articleListButtonsData":{"buttonsList":[{"label":"F\u00e5 tilgang her","url":"https:\/\/www.fremover.no\/tilgang\/ung-gratistilgang\/","type":"readmore"}],"mode":"default"},"favouriteType":null,"mnu":null,"section":null,"displayId":true,"docId":819,"identifier":"819Article","docType":"Article","customDate":false,"teaserData":{"teaserText":"","mode":"default"},"content":{"teaser":"","intro":"Fra og med mandag 23. juni \u00e5pner Fremover d\u00f8rene for alle mellom 15 og 20 \u00e5r. N\u00e5 f\u00e5r unge i Narvik-regionen tilgang til lokale nyheter \u2013 helt gratis."},"titles":{"main":"N\u00e5 kan unge i Narvik lese hele Fremover \u2013 helt gratis","readMoreButton":"F\u00e5 tilgang her"},"urls":{"readMore":"https:\/\/www.fremover.no\/tilgang\/ung-gratistilgang\/","booking":null},"created":{"date":"23.06.2025","time":"11:06","timestamp":1750669560},"introAllowHtml":false,"hasTicket":false,"extra":null,"hasReadMore":true,"media":{"imageData":{"path":"\/sites\/n\/narvikregionen.no\/files\/2025\/06\/0m9a4844_29.jpg","width":1200,"height":800,"aspectRatio":1.5},"previewImageUrl":"\/sites\/n\/narvikregionen.no\/files\/2025\/06\/0m9a4844_29.jpg?cropToFit=100x59&quality=50","imageVariants":[{"path":"\/sites\/n\/narvikregionen.no\/files\/2025\/06\/0m9a4844_29.jpg?cropToFit=100x59&quality=75","width":100,"height":59,"aspectRatio":1.694915254237288},{"path":"\/sites\/n\/narvikregionen.no\/files\/2025\/06\/0m9a4844_29.jpg?cropToFit=200x118&quality=75","width":200,"height":118,"aspectRatio":1.694915254237288},{"path":"\/sites\/n\/narvikregionen.no\/files\/2025\/06\/0m9a4844_29.jpg?cropToFit=400x235&quality=75","width":400,"height":235,"aspectRatio":1.702127659574468},{"path":"\/sites\/n\/narvikregionen.no\/files\/2025\/06\/0m9a4844_29.jpg?cropToFit=600x353&quality=75","width":600,"height":353,"aspectRatio":1.6997167138810199},{"path":"\/sites\/n\/narvikregionen.no\/files\/2025\/06\/0m9a4844_29.jpg?cropToFit=800x471&quality=75","width":800,"height":471,"aspectRatio":1.6985138004246285},{"path":"\/sites\/n\/narvikregionen.no\/files\/2025\/06\/0m9a4844_29.jpg?cropToFit=1000x588&quality=75","width":1000,"height":588,"aspectRatio":1.7006802721088434},{"path":"\/sites\/n\/narvikregionen.no\/files\/2025\/06\/0m9a4844_29.jpg?cropToFit=1200x706&quality=75","width":1200,"height":706,"aspectRatio":1.6997167138810199}],"image":"\/sites\/n\/narvikregionen.no\/files\/2025\/06\/0m9a4844_29.jpg","aspect":1.694915254237288,"type":"image","description":null},"additionalData":[]},{"classes":["outercol"],"isFavourite":false,"isExternalUrl":{"articleLink":false},"articleListButtonsData":{"buttonsList":[{"label":"Les mer","url":"\/hjem\/?Article=361","type":"readmore"}],"mode":"default"},"favouriteType":null,"mnu":null,"section":null,"displayId":true,"docId":361,"identifier":"361Article","docType":"Article","customDate":false,"teaserData":{"teaserText":"Digital historiefortelling","mode":"default"},"content":{"teaser":"Digital historiefortelling","intro":"Mandag 5. september fikk Tilflyttertjenesten teste ut Smart Narviks digitale historiefortelling p\u00e5 Beisfjord Minnelund.\r\n\r\n\u00a0"},"titles":{"main":"Tilflyttertjenesten p\u00e5 tur","readMoreButton":"Les mer"},"urls":{"readMore":"\/hjem\/?Article=361","booking":null},"created":{"date":"08.09.2022","time":"12:50","timestamp":1662634200},"introAllowHtml":false,"hasTicket":false,"extra":null,"hasReadMore":true,"media":{"imageData":{"path":"\/sites\/n\/narvikregionen.no\/files\/img_20220905_172439.jpg","width":5312,"height":2988,"aspectRatio":1.7777777777777777},"previewImageUrl":"\/sites\/n\/narvikregionen.no\/files\/img_20220905_172439.jpg?cropToFit=100x59&quality=50","imageVariants":[{"path":"\/sites\/n\/narvikregionen.no\/files\/img_20220905_172439.jpg?cropToFit=100x59&quality=75","width":100,"height":59,"aspectRatio":1.694915254237288},{"path":"\/sites\/n\/narvikregionen.no\/files\/img_20220905_172439.jpg?cropToFit=200x118&quality=75","width":200,"height":118,"aspectRatio":1.694915254237288},{"path":"\/sites\/n\/narvikregionen.no\/files\/img_20220905_172439.jpg?cropToFit=400x235&quality=75","width":400,"height":235,"aspectRatio":1.702127659574468},{"path":"\/sites\/n\/narvikregionen.no\/files\/img_20220905_172439.jpg?cropToFit=600x353&quality=75","width":600,"height":353,"aspectRatio":1.6997167138810199},{"path":"\/sites\/n\/narvikregionen.no\/files\/img_20220905_172439.jpg?cropToFit=800x471&quality=75","width":800,"height":471,"aspectRatio":1.6985138004246285},{"path":"\/sites\/n\/narvikregionen.no\/files\/img_20220905_172439.jpg?cropToFit=1000x588&quality=75","width":1000,"height":588,"aspectRatio":1.7006802721088434},{"path":"\/sites\/n\/narvikregionen.no\/files\/img_20220905_172439.jpg?cropToFit=1200x706&quality=75","width":1200,"height":706,"aspectRatio":1.6997167138810199}],"image":"\/sites\/n\/narvikregionen.no\/files\/img_20220905_172439.jpg","aspect":1.694915254237288,"type":"image","description":"Testing av digitale verkt\u00f8y"},"additionalData":[]},{"classes":["outercol"],"isFavourite":false,"isExternalUrl":{"articleLink":true},"articleListButtonsData":{"buttonsList":[{"label":"Les kronikk","url":"https:\/\/nrnf.no\/aktuelt-alle-nyheter\/flyt-narvik-et-aktivitets-og-friluftstilbud-til-besvaer","type":"readmore"}],"mode":"default"},"favouriteType":null,"mnu":null,"section":null,"displayId":true,"docId":745,"identifier":"745Article","docType":"Article","customDate":false,"teaserData":{"teaserText":"","mode":"default"},"content":{"teaser":"","intro":"\ud83d\udeb2\ud83d\udc69\u200d\ud83e\uddbd\ud83c\udfc3\ud83d\udc68\u200d\ud83d\udc69\u200d\ud83d\udc67\ud83c\udf33\ud83c\udf32\ud83c\udf3f\u2618\ufe0f Her vil ogs\u00e5 foreldre med barnevogner og rullestolbrukere kunne glede seg over fysisk aktivitet og tilgang til naturen. "},"titles":{"main":"Vi \u00f8nsker Flyt - Narvik bike & skatepark velkommen!","readMoreButton":"Les kronikk"},"urls":{"readMore":"https:\/\/nrnf.no\/aktuelt-alle-nyheter\/flyt-narvik-et-aktivitets-og-friluftstilbud-til-besvaer","booking":null},"created":{"date":"10.05.2024","time":"06:54","timestamp":1715316840},"introAllowHtml":false,"hasTicket":false,"extra":null,"hasReadMore":true,"media":{"imageData":{"path":"\/sites\/n\/narvikregionen.no\/files\/2024\/05\/flyt.jpg","width":2048,"height":1249,"aspectRatio":1.6397117694155323},"previewImageUrl":"\/sites\/n\/narvikregionen.no\/files\/2024\/05\/flyt.jpg?cropToFit=100x59&quality=50","imageVariants":[{"path":"\/sites\/n\/narvikregionen.no\/files\/2024\/05\/flyt.jpg?cropToFit=100x59&quality=75","width":100,"height":59,"aspectRatio":1.694915254237288},{"path":"\/sites\/n\/narvikregionen.no\/files\/2024\/05\/flyt.jpg?cropToFit=200x118&quality=75","width":200,"height":118,"aspectRatio":1.694915254237288},{"path":"\/sites\/n\/narvikregionen.no\/files\/2024\/05\/flyt.jpg?cropToFit=400x235&quality=75","width":400,"height":235,"aspectRatio":1.702127659574468},{"path":"\/sites\/n\/narvikregionen.no\/files\/2024\/05\/flyt.jpg?cropToFit=600x353&quality=75","width":600,"height":353,"aspectRatio":1.6997167138810199},{"path":"\/sites\/n\/narvikregionen.no\/files\/2024\/05\/flyt.jpg?cropToFit=800x471&quality=75","width":800,"height":471,"aspectRatio":1.6985138004246285},{"path":"\/sites\/n\/narvikregionen.no\/files\/2024\/05\/flyt.jpg?cropToFit=1000x588&quality=75","width":1000,"height":588,"aspectRatio":1.7006802721088434},{"path":"\/sites\/n\/narvikregionen.no\/files\/2024\/05\/flyt.jpg?cropToFit=1200x706&quality=75","width":1200,"height":706,"aspectRatio":1.6997167138810199}],"image":"\/sites\/n\/narvikregionen.no\/files\/2024\/05\/flyt.jpg","aspect":1.694915254237288,"type":"image","description":null},"additionalData":[]},{"classes":["outercol"],"isFavourite":false,"isExternalUrl":{"articleLink":true},"articleListButtonsData":{"buttonsList":[{"label":"Les mer","url":"https:\/\/www.dnt.no\/dnt-der-du-er\/dnt-narvik\/","type":"readmore"}],"mode":"default"},"favouriteType":null,"mnu":null,"section":null,"displayId":true,"docId":577,"identifier":"577Article","docType":"Article","customDate":false,"teaserData":{"teaserText":"DNT NARVIK","mode":"default"},"content":{"teaser":"DNT NARVIK","intro":"I turprogrammet finnes turer for en hver smak. Fjellturer og en godt utvalg av turer med Barnas Turlag. I tillegg ligger det gode beskrivelser av hyttene v\u00e5re. Velkommen p\u00e5 tur!"},"titles":{"main":"Turprogram","readMoreButton":"Les mer"},"urls":{"readMore":"https:\/\/www.dnt.no\/dnt-der-du-er\/dnt-narvik\/","booking":null},"created":{"date":"18.04.2023","time":"11:19","timestamp":1681809540},"introAllowHtml":false,"hasTicket":false,"extra":null,"hasReadMore":true,"media":{"imageData":{"path":"\/sites\/n\/narvikregionen.no\/files\/cu-940.jpeg","width":940,"height":705,"aspectRatio":1.3333333333333333},"previewImageUrl":"\/sites\/n\/narvikregionen.no\/files\/cu-940.jpeg?cropToFit=100x59&quality=50","imageVariants":[{"path":"\/sites\/n\/narvikregionen.no\/files\/cu-940.jpeg?cropToFit=100x59&quality=75","width":100,"height":59,"aspectRatio":1.694915254237288},{"path":"\/sites\/n\/narvikregionen.no\/files\/cu-940.jpeg?cropToFit=200x118&quality=75","width":200,"height":118,"aspectRatio":1.694915254237288},{"path":"\/sites\/n\/narvikregionen.no\/files\/cu-940.jpeg?cropToFit=400x235&quality=75","width":400,"height":235,"aspectRatio":1.702127659574468},{"path":"\/sites\/n\/narvikregionen.no\/files\/cu-940.jpeg?cropToFit=600x353&quality=75","width":600,"height":353,"aspectRatio":1.6997167138810199},{"path":"\/sites\/n\/narvikregionen.no\/files\/cu-940.jpeg?cropToFit=800x471&quality=75","width":800,"height":471,"aspectRatio":1.6985138004246285},{"path":"\/sites\/n\/narvikregionen.no\/files\/cu-940.jpeg?cropToFit=1000x588&quality=75","width":940,"height":553,"aspectRatio":1.6998191681735986},{"path":"\/sites\/n\/narvikregionen.no\/files\/cu-940.jpeg?cropToFit=1200x706&quality=75","width":940,"height":553,"aspectRatio":1.6998191681735986}],"image":"\/sites\/n\/narvikregionen.no\/files\/cu-940.jpeg","aspect":1.694915254237288,"type":"image","description":null},"additionalData":[]},{"classes":["outercol"],"isFavourite":false,"isExternalUrl":{"articleLink":true},"articleListButtonsData":{"buttonsList":[{"label":"Les mer","url":"https:\/\/narviksentrum.no\/Forside","type":"readmore"}],"mode":"default"},"favouriteType":null,"mnu":null,"section":null,"displayId":true,"docId":325,"identifier":"325Article","docType":"Article","customDate":false,"teaserData":{"teaserText":"Narvik sentrum","mode":"default"},"content":{"teaser":"Narvik sentrum","intro":"Narvik sentrum har et bredt utvalg av butikker og utsalgssteder. Her finner du alt fra sm\u00e5 nisjebutikker til store kjedebutikker."},"titles":{"main":"Narvik Sentrum","readMoreButton":"Les mer"},"urls":{"readMore":"https:\/\/narviksentrum.no\/Forside","booking":null},"created":{"date":"29.08.2022","time":"08:21","timestamp":1661754060},"introAllowHtml":false,"hasTicket":false,"extra":null,"hasReadMore":true,"media":{"imageData":{"path":"\/sites\/n\/narvikregionen.no\/files\/s22.png","width":1283,"height":674,"aspectRatio":1.903560830860534},"previewImageUrl":"\/sites\/n\/narvikregionen.no\/files\/s22.png?cropToFit=100x59&quality=50","imageVariants":[{"path":"\/sites\/n\/narvikregionen.no\/files\/s22.png?cropToFit=100x59&quality=75","width":100,"height":59,"aspectRatio":1.694915254237288},{"path":"\/sites\/n\/narvikregionen.no\/files\/s22.png?cropToFit=200x118&quality=75","width":200,"height":118,"aspectRatio":1.694915254237288},{"path":"\/sites\/n\/narvikregionen.no\/files\/s22.png?cropToFit=400x235&quality=75","width":400,"height":235,"aspectRatio":1.702127659574468},{"path":"\/sites\/n\/narvikregionen.no\/files\/s22.png?cropToFit=600x353&quality=75","width":600,"height":353,"aspectRatio":1.6997167138810199},{"path":"\/sites\/n\/narvikregionen.no\/files\/s22.png?cropToFit=800x471&quality=75","width":800,"height":471,"aspectRatio":1.6985138004246285},{"path":"\/sites\/n\/narvikregionen.no\/files\/s22.png?cropToFit=1000x588&quality=75","width":1000,"height":588,"aspectRatio":1.7006802721088434},{"path":"\/sites\/n\/narvikregionen.no\/files\/s22.png?cropToFit=1200x706&quality=75","width":1146,"height":674,"aspectRatio":1.7002967359050445}],"image":"\/sites\/n\/narvikregionen.no\/files\/s22.png","aspect":1.694915254237288,"type":"image","description":null},"additionalData":[]},{"classes":["outercol"],"isFavourite":false,"isExternalUrl":{"articleLink":false},"articleListButtonsData":{"buttonsList":[{"label":"Les mer","url":"\/hjem\/?Article=634","type":"readmore"}],"mode":"default"},"favouriteType":null,"mnu":null,"section":null,"displayId":true,"docId":634,"identifier":"634Article","docType":"Article","customDate":false,"teaserData":{"teaserText":"","mode":"default"},"content":{"teaser":"","intro":"I denne artikkelen utforsker vi det rike livet til Marte og Joachim, et ungt par som har tatt over en toppmoderne melkeg\u00e5rd i den idylliske bygda Ballangen, i Narvik kommune. Fra deres felles lidenskap for landbruk, som startet p\u00e5 landbruksskolen i Mosj\u00f8en, til deres daglige rutiner, utfordringer og gleder p\u00e5 g\u00e5rden - vi dykker ned i deres unike historie. Med 120 dyr \u00e5 ta vare p\u00e5 og en \u00e5rlig melkeproduksjon p\u00e5 318 000 liter, l\u00e6rer vi om det harde arbeidet og dedikasjonen som kreves for \u00e5 drive en g\u00e5rd, men ogs\u00e5 om den store tilfredsstillelsen og glede det gir."},"titles":{"main":"Marte og Joachim","readMoreButton":"Les mer"},"urls":{"readMore":"\/hjem\/?Article=634","booking":null},"created":{"date":"10.07.2023","time":"12:21","timestamp":1688984460},"introAllowHtml":false,"hasTicket":false,"extra":null,"hasReadMore":true,"media":{"imageData":{"path":"\/sites\/n\/narvikregionen.no\/files\/20230424_182056.jpg","width":4624,"height":3468,"aspectRatio":1.3333333333333333},"previewImageUrl":"\/sites\/n\/narvikregionen.no\/files\/20230424_182056.jpg?cropToFit=100x59&quality=50","imageVariants":[{"path":"\/sites\/n\/narvikregionen.no\/files\/20230424_182056.jpg?cropToFit=100x59&quality=75","width":100,"height":59,"aspectRatio":1.694915254237288},{"path":"\/sites\/n\/narvikregionen.no\/files\/20230424_182056.jpg?cropToFit=200x118&quality=75","width":200,"height":118,"aspectRatio":1.694915254237288},{"path":"\/sites\/n\/narvikregionen.no\/files\/20230424_182056.jpg?cropToFit=400x235&quality=75","width":400,"height":235,"aspectRatio":1.702127659574468},{"path":"\/sites\/n\/narvikregionen.no\/files\/20230424_182056.jpg?cropToFit=600x353&quality=75","width":600,"height":353,"aspectRatio":1.6997167138810199},{"path":"\/sites\/n\/narvikregionen.no\/files\/20230424_182056.jpg?cropToFit=800x471&quality=75","width":800,"height":471,"aspectRatio":1.6985138004246285},{"path":"\/sites\/n\/narvikregionen.no\/files\/20230424_182056.jpg?cropToFit=1000x588&quality=75","width":1000,"height":588,"aspectRatio":1.7006802721088434},{"path":"\/sites\/n\/narvikregionen.no\/files\/20230424_182056.jpg?cropToFit=1200x706&quality=75","width":1200,"height":706,"aspectRatio":1.6997167138810199}],"image":"\/sites\/n\/narvikregionen.no\/files\/20230424_182056.jpg","aspect":1.694915254237288,"type":"image","description":"Marte og Joachim"},"additionalData":[]},{"classes":["outercol"],"isFavourite":false,"isExternalUrl":{"articleLink":false},"articleListButtonsData":{"buttonsList":[{"label":"Les mer","url":"https:\/\/narvikregionen.no\/flyttethit","type":"readmore"}],"mode":"default"},"favouriteType":null,"mnu":null,"section":null,"displayId":true,"docId":267,"identifier":"267Article","docType":"Article","customDate":false,"teaserData":{"teaserText":"Flyttet hit","mode":"default"},"content":{"teaser":"Flyttet hit","intro":"Et lite intervju med mennesker som har flyttet til Narvikregionen. De forteller hvorfor de valgte \u00e5 flytte hit, sine opplevelser og hvilke forventninger de har til fremtiden. Felles for dem alle er at de valgte \u00e5 leve livet sitt i Narvikregionen. "},"titles":{"main":"M\u00f8t noen tilflyttere","readMoreButton":"Les mer"},"urls":{"readMore":"https:\/\/narvikregionen.no\/flyttethit","booking":null},"created":{"date":"29.10.2021","time":"07:57","timestamp":1635487020},"introAllowHtml":false,"hasTicket":false,"extra":null,"hasReadMore":true,"media":{"imageData":{"path":"\/sites\/n\/narvikregionen.no\/files\/photo-1454923634634-bd1614719a7b.jpg","width":2670,"height":1780,"aspectRatio":1.5},"previewImageUrl":"\/sites\/n\/narvikregionen.no\/files\/photo-1454923634634-bd1614719a7b.jpg?cropToFit=100x59&quality=50","imageVariants":[{"path":"\/sites\/n\/narvikregionen.no\/files\/photo-1454923634634-bd1614719a7b.jpg?cropToFit=100x59&quality=75","width":100,"height":59,"aspectRatio":1.694915254237288},{"path":"\/sites\/n\/narvikregionen.no\/files\/photo-1454923634634-bd1614719a7b.jpg?cropToFit=200x118&quality=75","width":200,"height":118,"aspectRatio":1.694915254237288},{"path":"\/sites\/n\/narvikregionen.no\/files\/photo-1454923634634-bd1614719a7b.jpg?cropToFit=400x235&quality=75","width":400,"height":235,"aspectRatio":1.702127659574468},{"path":"\/sites\/n\/narvikregionen.no\/files\/photo-1454923634634-bd1614719a7b.jpg?cropToFit=600x353&quality=75","width":600,"height":353,"aspectRatio":1.6997167138810199},{"path":"\/sites\/n\/narvikregionen.no\/files\/photo-1454923634634-bd1614719a7b.jpg?cropToFit=800x471&quality=75","width":800,"height":471,"aspectRatio":1.6985138004246285},{"path":"\/sites\/n\/narvikregionen.no\/files\/photo-1454923634634-bd1614719a7b.jpg?cropToFit=1000x588&quality=75","width":1000,"height":588,"aspectRatio":1.7006802721088434},{"path":"\/sites\/n\/narvikregionen.no\/files\/photo-1454923634634-bd1614719a7b.jpg?cropToFit=1200x706&quality=75","width":1200,"height":706,"aspectRatio":1.6997167138810199}],"image":"\/sites\/n\/narvikregionen.no\/files\/photo-1454923634634-bd1614719a7b.jpg","aspect":1.694915254237288,"type":"image","description":null},"additionalData":[]},{"classes":["outercol"],"isFavourite":false,"isExternalUrl":{"articleLink":true},"articleListButtonsData":{"buttonsList":[{"label":"Les mer","url":"https:\/\/nrnf.no\/vertskap\/?Article=782","type":"readmore"}],"mode":"default"},"favouriteType":null,"mnu":null,"section":null,"displayId":true,"docId":259,"identifier":"259Article","docType":"Article","customDate":false,"teaserData":{"teaserText":"Vertskap","mode":"default"},"content":{"teaser":"Vertskap","intro":"En ny versjon av det nettbaserte kurset er klar - og vi \u00f8nsker nye deltakere velkommen! 223 personer i Narvikregionen har allerede fullf\u00f8rt vertskapskurset."},"titles":{"main":"223 NarvikVerter","readMoreButton":"Les mer"},"urls":{"readMore":"https:\/\/nrnf.no\/vertskap\/?Article=782","booking":null},"created":{"date":"04.10.2021","time":"09:58","timestamp":1633334280},"introAllowHtml":false,"hasTicket":false,"extra":null,"hasReadMore":true,"media":{"imageData":{"path":"\/sites\/n\/narvikregionen.no\/files\/amfi_ss2.jpg","width":1018,"height":1018,"aspectRatio":1},"previewImageUrl":"\/sites\/n\/narvikregionen.no\/files\/amfi_ss2.jpg?cropToFit=100x59&quality=50","imageVariants":[{"path":"\/sites\/n\/narvikregionen.no\/files\/amfi_ss2.jpg?cropToFit=100x59&quality=75","width":100,"height":59,"aspectRatio":1.694915254237288},{"path":"\/sites\/n\/narvikregionen.no\/files\/amfi_ss2.jpg?cropToFit=200x118&quality=75","width":200,"height":118,"aspectRatio":1.694915254237288},{"path":"\/sites\/n\/narvikregionen.no\/files\/amfi_ss2.jpg?cropToFit=400x235&quality=75","width":400,"height":235,"aspectRatio":1.702127659574468},{"path":"\/sites\/n\/narvikregionen.no\/files\/amfi_ss2.jpg?cropToFit=600x353&quality=75","width":600,"height":353,"aspectRatio":1.6997167138810199},{"path":"\/sites\/n\/narvikregionen.no\/files\/amfi_ss2.jpg?cropToFit=800x471&quality=75","width":800,"height":471,"aspectRatio":1.6985138004246285},{"path":"\/sites\/n\/narvikregionen.no\/files\/amfi_ss2.jpg?cropToFit=1000x588&quality=75","width":1000,"height":588,"aspectRatio":1.7006802721088434},{"path":"\/sites\/n\/narvikregionen.no\/files\/amfi_ss2.jpg?cropToFit=1200x706&quality=75","width":1018,"height":599,"aspectRatio":1.6994991652754592}],"image":"\/sites\/n\/narvikregionen.no\/files\/amfi_ss2.jpg","aspect":1.694915254237288,"type":"image","description":null},"additionalData":[]},{"classes":["outercol"],"isFavourite":false,"isExternalUrl":{"articleLink":true},"articleListButtonsData":{"buttonsList":[{"label":"Les mer","url":"https:\/\/media.nordnorge.com\/partners\/narvik-region","type":"readmore"}],"mode":"default"},"favouriteType":null,"mnu":null,"section":null,"displayId":true,"docId":256,"identifier":"256Article","docType":"Article","customDate":false,"teaserData":{"teaserText":"","mode":"default"},"content":{"teaser":"","intro":"Se fantastiske foto fra Narvikregionen i Medie Bank Nord Norge. Her kan du laste ned foto til \"ikke kommersielt\" bruk. "},"titles":{"main":"Fotobank Narvikregionen","readMoreButton":"Les mer"},"urls":{"readMore":"https:\/\/media.nordnorge.com\/partners\/narvik-region","booking":null},"created":{"date":"03.09.2021","time":"08:46","timestamp":1630651560},"introAllowHtml":false,"hasTicket":false,"extra":null,"hasReadMore":true,"media":{"imageData":{"path":"\/sites\/n\/narvikregionen.no\/files\/mediebank.png","width":1173,"height":505,"aspectRatio":2.3227722772277226},"previewImageUrl":"\/sites\/n\/narvikregionen.no\/files\/mediebank.png?cropToFit=100x59&quality=50","imageVariants":[{"path":"\/sites\/n\/narvikregionen.no\/files\/mediebank.png?cropToFit=100x59&quality=75","width":100,"height":59,"aspectRatio":1.694915254237288},{"path":"\/sites\/n\/narvikregionen.no\/files\/mediebank.png?cropToFit=200x118&quality=75","width":200,"height":118,"aspectRatio":1.694915254237288},{"path":"\/sites\/n\/narvikregionen.no\/files\/mediebank.png?cropToFit=400x235&quality=75","width":400,"height":235,"aspectRatio":1.702127659574468},{"path":"\/sites\/n\/narvikregionen.no\/files\/mediebank.png?cropToFit=600x353&quality=75","width":600,"height":353,"aspectRatio":1.6997167138810199},{"path":"\/sites\/n\/narvikregionen.no\/files\/mediebank.png?cropToFit=800x471&quality=75","width":800,"height":471,"aspectRatio":1.6985138004246285},{"path":"\/sites\/n\/narvikregionen.no\/files\/mediebank.png?cropToFit=1000x588&quality=75","width":859,"height":505,"aspectRatio":1.700990099009901},{"path":"\/sites\/n\/narvikregionen.no\/files\/mediebank.png?cropToFit=1200x706&quality=75","width":858,"height":505,"aspectRatio":1.699009900990099}],"image":"\/sites\/n\/narvikregionen.no\/files\/mediebank.png","aspect":1.694915254237288,"type":"image","description":null},"additionalData":[]},{"classes":["outercol"],"isFavourite":false,"isExternalUrl":{"articleLink":true},"articleListButtonsData":{"buttonsList":[{"label":"Les mer","url":"https:\/\/www.narvik.kommune.no\/innbygger\/tjenester\/kultur-idrett-og-fritid\/","type":"readmore"}],"mode":"default"},"favouriteType":null,"mnu":null,"section":null,"displayId":true,"docId":255,"identifier":"255Article","docType":"Article","customDate":false,"teaserData":{"teaserText":"","mode":"default"},"content":{"teaser":"","intro":"Narvik kommunes sider med informasjon om tilbud og aktiviteter innen kultur, fritid og idrett."},"titles":{"main":"Samfunn, kultur, fritid og idrett","readMoreButton":"Les mer"},"urls":{"readMore":"https:\/\/www.narvik.kommune.no\/innbygger\/tjenester\/kultur-idrett-og-fritid\/","booking":null},"created":{"date":"03.09.2021","time":"08:33","timestamp":1630650780},"introAllowHtml":false,"hasTicket":false,"extra":null,"hasReadMore":true,"media":{"imageData":{"path":"\/sites\/n\/narvikregionen.no\/files\/009891_runedahl_visitnarvik.com_1.png","width":1000,"height":750,"aspectRatio":1.3333333333333333},"previewImageUrl":"\/sites\/n\/narvikregionen.no\/files\/009891_runedahl_visitnarvik.com_1.png?cropToFit=100x59&quality=50","imageVariants":[{"path":"\/sites\/n\/narvikregionen.no\/files\/009891_runedahl_visitnarvik.com_1.png?cropToFit=100x59&quality=75","width":100,"height":59,"aspectRatio":1.694915254237288},{"path":"\/sites\/n\/narvikregionen.no\/files\/009891_runedahl_visitnarvik.com_1.png?cropToFit=200x118&quality=75","width":200,"height":118,"aspectRatio":1.694915254237288},{"path":"\/sites\/n\/narvikregionen.no\/files\/009891_runedahl_visitnarvik.com_1.png?cropToFit=400x235&quality=75","width":400,"height":235,"aspectRatio":1.702127659574468},{"path":"\/sites\/n\/narvikregionen.no\/files\/009891_runedahl_visitnarvik.com_1.png?cropToFit=600x353&quality=75","width":600,"height":353,"aspectRatio":1.6997167138810199},{"path":"\/sites\/n\/narvikregionen.no\/files\/009891_runedahl_visitnarvik.com_1.png?cropToFit=800x471&quality=75","width":800,"height":471,"aspectRatio":1.6985138004246285},{"path":"\/sites\/n\/narvikregionen.no\/files\/009891_runedahl_visitnarvik.com_1.png?cropToFit=1000x588&quality=75","width":1000,"height":588,"aspectRatio":1.7006802721088434},{"path":"\/sites\/n\/narvikregionen.no\/files\/009891_runedahl_visitnarvik.com_1.png?cropToFit=1200x706&quality=75","width":1000,"height":588,"aspectRatio":1.7006802721088434}],"image":"\/sites\/n\/narvikregionen.no\/files\/009891_runedahl_visitnarvik.com_1.png","aspect":1.694915254237288,"type":"image","description":null},"additionalData":[]},{"classes":["outercol"],"isFavourite":false,"isExternalUrl":{"articleLink":true},"articleListButtonsData":{"buttonsList":[{"label":"Les mer","url":"https:\/\/nrnf.no\/trainee","type":"readmore"}],"mode":"default"},"favouriteType":null,"mnu":null,"section":null,"displayId":true,"docId":254,"identifier":"254Article","docType":"Article","customDate":false,"teaserData":{"teaserText":"","mode":"default"},"content":{"teaser":"","intro":"Trainee Narvikregionen er et ett\u00e5rig traineeprogram, som kobler sammen nyutdannede kandidater p\u00e5 bachelor- og masterniv\u00e5, med spennende arbeidsgivere i en region av 7 kommuner. \r\n\r\n"},"titles":{"main":"Trainee Narvikregionen","readMoreButton":"Les mer"},"urls":{"readMore":"https:\/\/nrnf.no\/trainee","booking":null},"created":{"date":"01.09.2021","time":"08:27","timestamp":1630477620},"introAllowHtml":false,"hasTicket":false,"extra":null,"hasReadMore":true,"media":{"imageData":{"path":"\/sites\/n\/narvikregionen.no\/files\/nt1.png","width":2500,"height":1669,"aspectRatio":1.4979029358897544},"previewImageUrl":"\/sites\/n\/narvikregionen.no\/files\/nt1.png?cropToFit=100x59&quality=50","imageVariants":[{"path":"\/sites\/n\/narvikregionen.no\/files\/nt1.png?cropToFit=100x59&quality=75","width":100,"height":59,"aspectRatio":1.694915254237288},{"path":"\/sites\/n\/narvikregionen.no\/files\/nt1.png?cropToFit=200x118&quality=75","width":200,"height":118,"aspectRatio":1.694915254237288},{"path":"\/sites\/n\/narvikregionen.no\/files\/nt1.png?cropToFit=400x235&quality=75","width":400,"height":235,"aspectRatio":1.702127659574468},{"path":"\/sites\/n\/narvikregionen.no\/files\/nt1.png?cropToFit=600x353&quality=75","width":600,"height":353,"aspectRatio":1.6997167138810199},{"path":"\/sites\/n\/narvikregionen.no\/files\/nt1.png?cropToFit=800x471&quality=75","width":800,"height":471,"aspectRatio":1.6985138004246285},{"path":"\/sites\/n\/narvikregionen.no\/files\/nt1.png?cropToFit=1000x588&quality=75","width":1000,"height":588,"aspectRatio":1.7006802721088434},{"path":"\/sites\/n\/narvikregionen.no\/files\/nt1.png?cropToFit=1200x706&quality=75","width":1200,"height":706,"aspectRatio":1.6997167138810199}],"image":"\/sites\/n\/narvikregionen.no\/files\/nt1.png","aspect":1.694915254237288,"type":"image","description":null},"additionalData":[]},{"classes":["outercol"],"isFavourite":false,"isExternalUrl":{"articleLink":true},"articleListButtonsData":{"buttonsList":[{"label":"Les mer","url":"https:\/\/www.narvik.kommune.no\/tilflytter\/","type":"readmore"}],"mode":"default"},"favouriteType":null,"mnu":null,"section":null,"displayId":true,"docId":245,"identifier":"245Article","docType":"Article","customDate":false,"teaserData":{"teaserText":"Tilflytterpakke","mode":"default"},"content":{"teaser":"Tilflytterpakke","intro":"Narvik kommune \u00f8nsker alle nye innbyggere velkommen!  "},"titles":{"main":"Er du ny tilflytter til Narvik?","readMoreButton":"Les mer"},"urls":{"readMore":"https:\/\/www.narvik.kommune.no\/tilflytter\/","booking":null},"created":{"date":"31.05.2021","time":"13:48","timestamp":1622461680},"introAllowHtml":false,"hasTicket":false,"extra":null,"hasReadMore":true,"media":{"imageData":{"path":"\/sites\/n\/narvikregionen.no\/files\/istock613762890_1.jpg","width":2500,"height":1667,"aspectRatio":1.4997000599880024},"previewImageUrl":"\/sites\/n\/narvikregionen.no\/files\/istock613762890_1.jpg?cropToFit=100x59&quality=50","imageVariants":[{"path":"\/sites\/n\/narvikregionen.no\/files\/istock613762890_1.jpg?cropToFit=100x59&quality=75","width":100,"height":59,"aspectRatio":1.694915254237288},{"path":"\/sites\/n\/narvikregionen.no\/files\/istock613762890_1.jpg?cropToFit=200x118&quality=75","width":200,"height":118,"aspectRatio":1.694915254237288},{"path":"\/sites\/n\/narvikregionen.no\/files\/istock613762890_1.jpg?cropToFit=400x235&quality=75","width":400,"height":235,"aspectRatio":1.702127659574468},{"path":"\/sites\/n\/narvikregionen.no\/files\/istock613762890_1.jpg?cropToFit=600x353&quality=75","width":600,"height":353,"aspectRatio":1.6997167138810199},{"path":"\/sites\/n\/narvikregionen.no\/files\/istock613762890_1.jpg?cropToFit=800x471&quality=75","width":800,"height":471,"aspectRatio":1.6985138004246285},{"path":"\/sites\/n\/narvikregionen.no\/files\/istock613762890_1.jpg?cropToFit=1000x588&quality=75","width":1000,"height":588,"aspectRatio":1.7006802721088434},{"path":"\/sites\/n\/narvikregionen.no\/files\/istock613762890_1.jpg?cropToFit=1200x706&quality=75","width":1200,"height":706,"aspectRatio":1.6997167138810199}],"image":"\/sites\/n\/narvikregionen.no\/files\/istock613762890_1.jpg","aspect":1.694915254237288,"type":"image","description":null},"additionalData":[]},{"classes":["outercol"],"isFavourite":false,"isExternalUrl":{"articleLink":true},"articleListButtonsData":{"buttonsList":[{"label":"Les mer","url":"https:\/\/www.facebook.com\/frisklivogmestringnarvik\/","type":"readmore"}],"mode":"default"},"favouriteType":null,"mnu":null,"section":null,"displayId":true,"docId":243,"identifier":"243Article","docType":"Article","customDate":false,"teaserData":{"teaserText":"Friskliv- og mestring","mode":"default"},"content":{"teaser":"Friskliv- og mestring","intro":"Friskliv- og mestringstjenesten i Narvik kommune har som form\u00e5l \u00e5 fremme fysisk og psykisk helse ved fokus p\u00e5 kosthold, aktivitet og mestring."},"titles":{"main":"Lavterskel turtilbud i n\u00e6romr\u00e5der  ","readMoreButton":"Les mer"},"urls":{"readMore":"https:\/\/www.facebook.com\/frisklivogmestringnarvik\/","booking":null},"created":{"date":"27.04.2021","time":"19:54","timestamp":1619546040},"introAllowHtml":false,"hasTicket":false,"extra":null,"hasReadMore":true,"media":{"imageData":{"path":"\/sites\/n\/narvikregionen.no\/files\/f1.png","width":960,"height":540,"aspectRatio":1.7777777777777777},"previewImageUrl":"\/sites\/n\/narvikregionen.no\/files\/f1.png?cropToFit=100x59&quality=50","imageVariants":[{"path":"\/sites\/n\/narvikregionen.no\/files\/f1.png?cropToFit=100x59&quality=75","width":100,"height":59,"aspectRatio":1.694915254237288},{"path":"\/sites\/n\/narvikregionen.no\/files\/f1.png?cropToFit=200x118&quality=75","width":200,"height":118,"aspectRatio":1.694915254237288},{"path":"\/sites\/n\/narvikregionen.no\/files\/f1.png?cropToFit=400x235&quality=75","width":400,"height":235,"aspectRatio":1.702127659574468},{"path":"\/sites\/n\/narvikregionen.no\/files\/f1.png?cropToFit=600x353&quality=75","width":600,"height":353,"aspectRatio":1.6997167138810199},{"path":"\/sites\/n\/narvikregionen.no\/files\/f1.png?cropToFit=800x471&quality=75","width":800,"height":471,"aspectRatio":1.6985138004246285},{"path":"\/sites\/n\/narvikregionen.no\/files\/f1.png?cropToFit=1000x588&quality=75","width":918,"height":540,"aspectRatio":1.7},{"path":"\/sites\/n\/narvikregionen.no\/files\/f1.png?cropToFit=1200x706&quality=75","width":918,"height":540,"aspectRatio":1.7}],"image":"\/sites\/n\/narvikregionen.no\/files\/f1.png","aspect":1.694915254237288,"type":"image","description":null},"additionalData":[]},{"classes":["outercol"],"isFavourite":false,"isExternalUrl":{"articleLink":true},"articleListButtonsData":{"buttonsList":[{"label":"Les mer","url":"https:\/\/boibjerkvik.no\/?id=993628128","type":"readmore"}],"mode":"default"},"favouriteType":null,"mnu":null,"section":null,"displayId":true,"docId":190,"identifier":"190Article","docType":"Article","customDate":false,"teaserData":{"teaserText":"","mode":"default"},"content":{"teaser":"","intro":"En egen Bjerkvikstrategi skal bidra til flere innbyggere og arbeidsplasser i Bjerkvik. \u2013 Vi har en m\u00e5lsetting om 150 nye bosatte i Bjerkvik innen 2025."},"titles":{"main":"Bo i Bjerkvik","readMoreButton":"Les mer"},"urls":{"readMore":"https:\/\/boibjerkvik.no\/?id=993628128","booking":null},"created":{"date":"28.05.2019","time":"11:46","timestamp":1559036760},"introAllowHtml":false,"hasTicket":false,"extra":null,"hasReadMore":true,"media":{"imageData":{"path":"\/sites\/n\/narvikregionen.no\/files\/nrnf0972copyrightrobinlundbjerkvikluftfoto.jpg","width":2500,"height":1667,"aspectRatio":1.4997000599880024},"previewImageUrl":"\/sites\/n\/narvikregionen.no\/files\/nrnf0972copyrightrobinlundbjerkvikluftfoto.jpg?cropToFit=100x59&quality=50","imageVariants":[{"path":"\/sites\/n\/narvikregionen.no\/files\/nrnf0972copyrightrobinlundbjerkvikluftfoto.jpg?cropToFit=100x59&quality=75","width":100,"height":59,"aspectRatio":1.694915254237288},{"path":"\/sites\/n\/narvikregionen.no\/files\/nrnf0972copyrightrobinlundbjerkvikluftfoto.jpg?cropToFit=200x118&quality=75","width":200,"height":118,"aspectRatio":1.694915254237288},{"path":"\/sites\/n\/narvikregionen.no\/files\/nrnf0972copyrightrobinlundbjerkvikluftfoto.jpg?cropToFit=400x235&quality=75","width":400,"height":235,"aspectRatio":1.702127659574468},{"path":"\/sites\/n\/narvikregionen.no\/files\/nrnf0972copyrightrobinlundbjerkvikluftfoto.jpg?cropToFit=600x353&quality=75","width":600,"height":353,"aspectRatio":1.6997167138810199},{"path":"\/sites\/n\/narvikregionen.no\/files\/nrnf0972copyrightrobinlundbjerkvikluftfoto.jpg?cropToFit=800x471&quality=75","width":800,"height":471,"aspectRatio":1.6985138004246285},{"path":"\/sites\/n\/narvikregionen.no\/files\/nrnf0972copyrightrobinlundbjerkvikluftfoto.jpg?cropToFit=1000x588&quality=75","width":1000,"height":588,"aspectRatio":1.7006802721088434},{"path":"\/sites\/n\/narvikregionen.no\/files\/nrnf0972copyrightrobinlundbjerkvikluftfoto.jpg?cropToFit=1200x706&quality=75","width":1200,"height":706,"aspectRatio":1.6997167138810199}],"image":"\/sites\/n\/narvikregionen.no\/files\/nrnf0972copyrightrobinlundbjerkvikluftfoto.jpg","aspect":1.694915254237288,"type":"image","description":null},"additionalData":[]}],"pages":[1,2],"currentPage":1,"sections":[]}